{"id":3117,"date":"2023-11-28T15:43:44","date_gmt":"2023-11-28T15:43:44","guid":{"rendered":"https:\/\/hostallacreu.com\/?page_id=3117"},"modified":"2023-11-28T15:43:44","modified_gmt":"2023-11-28T15:43:44","slug":"castellet-de-banyoles","status":"publish","type":"page","link":"https:\/\/hostallacreu.com\/fr\/entorn\/llocs-dinteres\/castellet-de-banyoles\/","title":{"rendered":"Castellet de Banyoles"},"content":{"rendered":"<h1>El pas de la cultura ib\u00e8rica, entre el <strong>segle VI aC i el segle I aC<\/strong>, ha deixat un llegat patrimonial molt important a les Terres de l\u2019Ebre.<\/h1>\n<p>El territori va ser ocupat per diferents tribus, entre les quals en destaca els <strong>Ilercavons<\/strong>, una de les cultures ib\u00e8riques que va ser m\u00e9s din\u00e0mica gr\u00e0cies a la seva privilegiada situaci\u00f3 geogr\u00e0fica, a prop del riu Ebre, una via fluvial molt important.<\/p>\n<p><img loading=\"lazy\" decoding=\"async\" class=\"alignright  wp-image-269\" src=\"https:\/\/hostallacreu.com\/wp-content\/uploads\/2014\/11\/poblat-iberic-castellet-banyoles-tivissa-tarragona-ilercavons-turisme-terres-de-lebre-01-01.jpg\" alt=\"poblat-iberic-castellet-banyoles-tivissa-tarragona-ilercavons-turisme-terres-de-lebre-01-01\" width=\"478\" height=\"258\" srcset=\"https:\/\/hostallacreu.com\/wp-content\/uploads\/2014\/11\/poblat-iberic-castellet-banyoles-tivissa-tarragona-ilercavons-turisme-terres-de-lebre-01-01.jpg 2017w, https:\/\/hostallacreu.com\/wp-content\/uploads\/2014\/11\/poblat-iberic-castellet-banyoles-tivissa-tarragona-ilercavons-turisme-terres-de-lebre-01-01-300x161.jpg 300w, https:\/\/hostallacreu.com\/wp-content\/uploads\/2014\/11\/poblat-iberic-castellet-banyoles-tivissa-tarragona-ilercavons-turisme-terres-de-lebre-01-01-1024x552.jpg 1024w, https:\/\/hostallacreu.com\/wp-content\/uploads\/2014\/11\/poblat-iberic-castellet-banyoles-tivissa-tarragona-ilercavons-turisme-terres-de-lebre-01-01-624x336.jpg 624w\" sizes=\"auto, (max-width: 478px) 100vw, 478px\" \/>Entre el conjunt de jaciments\u00a0ibers de la Ribera d\u2019Ebre en destaca el<strong>Castellet de Banyoles a Tivissa<\/strong>.<\/p>\n<p>Es tracta d\u2019una ciutat ib\u00e8rica, situada a 6 km de Tivissa, \u00e9s un dels\u00a0jaciments ib\u00e8rics m\u00e9s importants de Catalunya i tamb\u00e9 ho debia ser a la seva \u00e8poca. Ocupa un posici\u00f3 estrat\u00e8gica immillorable, a l\u2019extrem d\u2019un altipl\u00e0 que domina visualment el curs del riu Ebre i la\u00a0cubeta de M\u00f3ra. Per les seves dimensions es creu que va exercir com a capital de la\u00a0Ilercav\u00f2nia. Tanmateix, les troballes al jaciment fan pensar en la possibilitat que\u00a0albergu\u00e9s un santuari o lloc de culte a l\u2019interior del poblat.<\/p>\n<p><a href=\"https:\/\/hostallacreu.com\/wp-content\/uploads\/2014\/11\/poblat-iberic-castellet-banyoles-tivissa-tarragona-ilercavons-turisme-terres-de-lebre-01-011-01.jpg\"><img loading=\"lazy\" decoding=\"async\" class=\"wp-image-270 alignleft\" src=\"https:\/\/hostallacreu.com\/wp-content\/uploads\/2014\/11\/poblat-iberic-castellet-banyoles-tivissa-tarragona-ilercavons-turisme-terres-de-lebre-01-011-01.jpg\" alt=\"poblat-iberic-castellet-banyoles-tivissa-tarragona-ilercavons-turisme-terres-de-lebre-01-011-01\" width=\"443\" height=\"239\" srcset=\"https:\/\/hostallacreu.com\/wp-content\/uploads\/2014\/11\/poblat-iberic-castellet-banyoles-tivissa-tarragona-ilercavons-turisme-terres-de-lebre-01-011-01.jpg 2017w, https:\/\/hostallacreu.com\/wp-content\/uploads\/2014\/11\/poblat-iberic-castellet-banyoles-tivissa-tarragona-ilercavons-turisme-terres-de-lebre-01-011-01-300x161.jpg 300w, https:\/\/hostallacreu.com\/wp-content\/uploads\/2014\/11\/poblat-iberic-castellet-banyoles-tivissa-tarragona-ilercavons-turisme-terres-de-lebre-01-011-01-1024x552.jpg 1024w, https:\/\/hostallacreu.com\/wp-content\/uploads\/2014\/11\/poblat-iberic-castellet-banyoles-tivissa-tarragona-ilercavons-turisme-terres-de-lebre-01-011-01-624x336.jpg 624w\" sizes=\"auto, (max-width: 443px) 100vw, 443px\" \/><\/a><\/p>\n<p>Les primeres intervencions del jaciment es duen a terme arran del descobriment de l\u2019anomenat tresor de Tivissa format per quatre p\u00e0teres, onze vasos i un bra\u00e7alet, tot de plata, que formen un conjunt de peces votives ib\u00e8riques, datades al s.III aC, \u00faniques a Catalunya.<\/p>\n<p>Actualment el jaciment es troba en excavaci\u00f3, no obstant, permet visitar-lo i entendre la distribuci\u00f3 dels diferents punts d\u2019habitatges de manera lliure i gratu\u00efta. Us recomanem que aneu fins al final del poblat per albirar les fant\u00e0stiques vistes panor\u00e0miques que ofereix l\u2019indret.<\/p>\n<p style=\"text-align: center;\"><a href=\"https:\/\/hostallacreu.com\/wp-content\/uploads\/2014\/11\/poblat-iberic-castellet-banyoles-tivissa-tarragona-ilercavons-turisme-terres-de-lebre-01-011-012-01.jpg\"><img loading=\"lazy\" decoding=\"async\" class=\"wp-image-271\" src=\"https:\/\/hostallacreu.com\/wp-content\/uploads\/2014\/11\/poblat-iberic-castellet-banyoles-tivissa-tarragona-ilercavons-turisme-terres-de-lebre-01-011-012-01.jpg\" alt=\"poblat-iberic-castellet-banyoles-tivissa-tarragona-ilercavons-turisme-terres-de-lebre-01-011-012-01\" width=\"560\" height=\"302\" srcset=\"https:\/\/hostallacreu.com\/wp-content\/uploads\/2014\/11\/poblat-iberic-castellet-banyoles-tivissa-tarragona-ilercavons-turisme-terres-de-lebre-01-011-012-01.jpg 2017w, https:\/\/hostallacreu.com\/wp-content\/uploads\/2014\/11\/poblat-iberic-castellet-banyoles-tivissa-tarragona-ilercavons-turisme-terres-de-lebre-01-011-012-01-300x161.jpg 300w, https:\/\/hostallacreu.com\/wp-content\/uploads\/2014\/11\/poblat-iberic-castellet-banyoles-tivissa-tarragona-ilercavons-turisme-terres-de-lebre-01-011-012-01-1024x552.jpg 1024w, https:\/\/hostallacreu.com\/wp-content\/uploads\/2014\/11\/poblat-iberic-castellet-banyoles-tivissa-tarragona-ilercavons-turisme-terres-de-lebre-01-011-012-01-624x336.jpg 624w\" sizes=\"auto, (max-width: 560px) 100vw, 560px\" \/><\/a><\/p>\n","protected":false},"excerpt":{"rendered":"<p>El pas de la cultura ib\u00e8rica, entre el segle VI aC i el segle I aC, ha deixat un llegat patrimonial molt important a les Terres de l\u2019Ebre. El territori va ser ocupat per diferents tribus, entre les quals en destaca els Ilercavons, una de les cultures ib\u00e8riques que va ser m\u00e9s din\u00e0mica gr\u00e0cies a [&hellip;]<\/p>\n","protected":false},"author":3,"featured_media":0,"parent":3116,"menu_order":0,"comment_status":"closed","ping_status":"closed","template":"","meta":{"_monsterinsights_skip_tracking":false,"_monsterinsights_sitenote_active":false,"_monsterinsights_sitenote_note":"","_monsterinsights_sitenote_category":0,"footnotes":""},"class_list":["post-3117","page","type-page","status-publish","hentry"],"yoast_head":"<!-- This site is optimized with the Yoast SEO plugin v26.2 - https:\/\/yoast.com\/wordpress\/plugins\/seo\/ -->\n<title>Castellet de Banyoles - Hostal Gastron\u00f2mic La Creu<\/title>\n<meta name=\"robots\" content=\"index, follow, max-snippet:-1, max-image-preview:large, max-video-preview:-1\" \/>\n<link rel=\"canonical\" href=\"https:\/\/hostallacreu.com\/fr\/entorn\/llocs-dinteres\/castellet-de-banyoles\/\" \/>\n<meta property=\"og:locale\" content=\"fr_FR\" \/>\n<meta property=\"og:type\" content=\"article\" \/>\n<meta property=\"og:title\" content=\"Castellet de Banyoles - Hostal Gastron\u00f2mic La Creu\" \/>\n<meta property=\"og:description\" content=\"El pas de la cultura ib\u00e8rica, entre el segle VI aC i el segle I aC, ha deixat un llegat patrimonial molt important a les Terres de l\u2019Ebre. El territori va ser ocupat per diferents tribus, entre les quals en destaca els Ilercavons, una de les cultures ib\u00e8riques que va ser m\u00e9s din\u00e0mica gr\u00e0cies a [&hellip;]\" \/>\n<meta property=\"og:url\" content=\"https:\/\/hostallacreu.com\/fr\/entorn\/llocs-dinteres\/castellet-de-banyoles\/\" \/>\n<meta property=\"og:site_name\" content=\"Hostal Gastron\u00f2mic La Creu\" \/>\n<meta property=\"og:image\" content=\"http:\/\/hostallacreu.com\/wp-content\/uploads\/2014\/11\/poblat-iberic-castellet-banyoles-tivissa-tarragona-ilercavons-turisme-terres-de-lebre-01-01.jpg\" \/>\n<script type=\"application\/ld+json\" class=\"yoast-schema-graph\">{\"@context\":\"https:\/\/schema.org\",\"@graph\":[{\"@type\":\"WebPage\",\"@id\":\"https:\/\/hostallacreu.com\/fr\/entorn\/llocs-dinteres\/castellet-de-banyoles\/\",\"url\":\"https:\/\/hostallacreu.com\/fr\/entorn\/llocs-dinteres\/castellet-de-banyoles\/\",\"name\":\"Castellet de Banyoles - Hostal Gastron\u00f2mic La Creu\",\"isPartOf\":{\"@id\":\"https:\/\/hostallacreu.com\/#website\"},\"primaryImageOfPage\":{\"@id\":\"https:\/\/hostallacreu.com\/fr\/entorn\/llocs-dinteres\/castellet-de-banyoles\/#primaryimage\"},\"image\":{\"@id\":\"https:\/\/hostallacreu.com\/fr\/entorn\/llocs-dinteres\/castellet-de-banyoles\/#primaryimage\"},\"thumbnailUrl\":\"http:\/\/hostallacreu.com\/wp-content\/uploads\/2014\/11\/poblat-iberic-castellet-banyoles-tivissa-tarragona-ilercavons-turisme-terres-de-lebre-01-01.jpg\",\"datePublished\":\"2023-11-28T15:43:44+00:00\",\"breadcrumb\":{\"@id\":\"https:\/\/hostallacreu.com\/fr\/entorn\/llocs-dinteres\/castellet-de-banyoles\/#breadcrumb\"},\"inLanguage\":\"fr-FR\",\"potentialAction\":[{\"@type\":\"ReadAction\",\"target\":[\"https:\/\/hostallacreu.com\/fr\/entorn\/llocs-dinteres\/castellet-de-banyoles\/\"]}]},{\"@type\":\"ImageObject\",\"inLanguage\":\"fr-FR\",\"@id\":\"https:\/\/hostallacreu.com\/fr\/entorn\/llocs-dinteres\/castellet-de-banyoles\/#primaryimage\",\"url\":\"http:\/\/hostallacreu.com\/wp-content\/uploads\/2014\/11\/poblat-iberic-castellet-banyoles-tivissa-tarragona-ilercavons-turisme-terres-de-lebre-01-01.jpg\",\"contentUrl\":\"http:\/\/hostallacreu.com\/wp-content\/uploads\/2014\/11\/poblat-iberic-castellet-banyoles-tivissa-tarragona-ilercavons-turisme-terres-de-lebre-01-01.jpg\"},{\"@type\":\"BreadcrumbList\",\"@id\":\"https:\/\/hostallacreu.com\/fr\/entorn\/llocs-dinteres\/castellet-de-banyoles\/#breadcrumb\",\"itemListElement\":[{\"@type\":\"ListItem\",\"position\":1,\"name\":\"Home\",\"item\":\"https:\/\/hostallacreu.com\/fr\/\"},{\"@type\":\"ListItem\",\"position\":2,\"name\":\"Entorn\",\"item\":\"https:\/\/hostallacreu.com\/fr\/entorn\/\"},{\"@type\":\"ListItem\",\"position\":3,\"name\":\"Llocs d&rsquo;inter\u00e8s\",\"item\":\"https:\/\/hostallacreu.com\/fr\/entorn\/llocs-dinteres\/\"},{\"@type\":\"ListItem\",\"position\":4,\"name\":\"Castellet de Banyoles\"}]},{\"@type\":\"WebSite\",\"@id\":\"https:\/\/hostallacreu.com\/#website\",\"url\":\"https:\/\/hostallacreu.com\/\",\"name\":\"Hostal Gastron\u00f2mic La Creu\",\"description\":\"El teu allotjament i restaurant a la Ribera d&#039;Ebre\",\"potentialAction\":[{\"@type\":\"SearchAction\",\"target\":{\"@type\":\"EntryPoint\",\"urlTemplate\":\"https:\/\/hostallacreu.com\/?s={search_term_string}\"},\"query-input\":{\"@type\":\"PropertyValueSpecification\",\"valueRequired\":true,\"valueName\":\"search_term_string\"}}],\"inLanguage\":\"fr-FR\"}]}<\/script>\n<!-- \/ Yoast SEO plugin. -->","yoast_head_json":{"title":"Castellet de Banyoles - Hostal Gastron\u00f2mic La Creu","robots":{"index":"index","follow":"follow","max-snippet":"max-snippet:-1","max-image-preview":"max-image-preview:large","max-video-preview":"max-video-preview:-1"},"canonical":"https:\/\/hostallacreu.com\/fr\/entorn\/llocs-dinteres\/castellet-de-banyoles\/","og_locale":"fr_FR","og_type":"article","og_title":"Castellet de Banyoles - Hostal Gastron\u00f2mic La Creu","og_description":"El pas de la cultura ib\u00e8rica, entre el segle VI aC i el segle I aC, ha deixat un llegat patrimonial molt important a les Terres de l\u2019Ebre. El territori va ser ocupat per diferents tribus, entre les quals en destaca els Ilercavons, una de les cultures ib\u00e8riques que va ser m\u00e9s din\u00e0mica gr\u00e0cies a [&hellip;]","og_url":"https:\/\/hostallacreu.com\/fr\/entorn\/llocs-dinteres\/castellet-de-banyoles\/","og_site_name":"Hostal Gastron\u00f2mic La Creu","og_image":[{"url":"http:\/\/hostallacreu.com\/wp-content\/uploads\/2014\/11\/poblat-iberic-castellet-banyoles-tivissa-tarragona-ilercavons-turisme-terres-de-lebre-01-01.jpg","type":"","width":"","height":""}],"schema":{"@context":"https:\/\/schema.org","@graph":[{"@type":"WebPage","@id":"https:\/\/hostallacreu.com\/fr\/entorn\/llocs-dinteres\/castellet-de-banyoles\/","url":"https:\/\/hostallacreu.com\/fr\/entorn\/llocs-dinteres\/castellet-de-banyoles\/","name":"Castellet de Banyoles - Hostal Gastron\u00f2mic La Creu","isPartOf":{"@id":"https:\/\/hostallacreu.com\/#website"},"primaryImageOfPage":{"@id":"https:\/\/hostallacreu.com\/fr\/entorn\/llocs-dinteres\/castellet-de-banyoles\/#primaryimage"},"image":{"@id":"https:\/\/hostallacreu.com\/fr\/entorn\/llocs-dinteres\/castellet-de-banyoles\/#primaryimage"},"thumbnailUrl":"http:\/\/hostallacreu.com\/wp-content\/uploads\/2014\/11\/poblat-iberic-castellet-banyoles-tivissa-tarragona-ilercavons-turisme-terres-de-lebre-01-01.jpg","datePublished":"2023-11-28T15:43:44+00:00","breadcrumb":{"@id":"https:\/\/hostallacreu.com\/fr\/entorn\/llocs-dinteres\/castellet-de-banyoles\/#breadcrumb"},"inLanguage":"fr-FR","potentialAction":[{"@type":"ReadAction","target":["https:\/\/hostallacreu.com\/fr\/entorn\/llocs-dinteres\/castellet-de-banyoles\/"]}]},{"@type":"ImageObject","inLanguage":"fr-FR","@id":"https:\/\/hostallacreu.com\/fr\/entorn\/llocs-dinteres\/castellet-de-banyoles\/#primaryimage","url":"http:\/\/hostallacreu.com\/wp-content\/uploads\/2014\/11\/poblat-iberic-castellet-banyoles-tivissa-tarragona-ilercavons-turisme-terres-de-lebre-01-01.jpg","contentUrl":"http:\/\/hostallacreu.com\/wp-content\/uploads\/2014\/11\/poblat-iberic-castellet-banyoles-tivissa-tarragona-ilercavons-turisme-terres-de-lebre-01-01.jpg"},{"@type":"BreadcrumbList","@id":"https:\/\/hostallacreu.com\/fr\/entorn\/llocs-dinteres\/castellet-de-banyoles\/#breadcrumb","itemListElement":[{"@type":"ListItem","position":1,"name":"Home","item":"https:\/\/hostallacreu.com\/fr\/"},{"@type":"ListItem","position":2,"name":"Entorn","item":"https:\/\/hostallacreu.com\/fr\/entorn\/"},{"@type":"ListItem","position":3,"name":"Llocs d&rsquo;inter\u00e8s","item":"https:\/\/hostallacreu.com\/fr\/entorn\/llocs-dinteres\/"},{"@type":"ListItem","position":4,"name":"Castellet de Banyoles"}]},{"@type":"WebSite","@id":"https:\/\/hostallacreu.com\/#website","url":"https:\/\/hostallacreu.com\/","name":"Hostal Gastron\u00f2mic La Creu","description":"El teu allotjament i restaurant a la Ribera d&#039;Ebre","potentialAction":[{"@type":"SearchAction","target":{"@type":"EntryPoint","urlTemplate":"https:\/\/hostallacreu.com\/?s={search_term_string}"},"query-input":{"@type":"PropertyValueSpecification","valueRequired":true,"valueName":"search_term_string"}}],"inLanguage":"fr-FR"}]}},"_links":{"self":[{"href":"https:\/\/hostallacreu.com\/fr\/wp-json\/wp\/v2\/pages\/3117","targetHints":{"allow":["GET"]}}],"collection":[{"href":"https:\/\/hostallacreu.com\/fr\/wp-json\/wp\/v2\/pages"}],"about":[{"href":"https:\/\/hostallacreu.com\/fr\/wp-json\/wp\/v2\/types\/page"}],"author":[{"embeddable":true,"href":"https:\/\/hostallacreu.com\/fr\/wp-json\/wp\/v2\/users\/3"}],"replies":[{"embeddable":true,"href":"https:\/\/hostallacreu.com\/fr\/wp-json\/wp\/v2\/comments?post=3117"}],"version-history":[{"count":1,"href":"https:\/\/hostallacreu.com\/fr\/wp-json\/wp\/v2\/pages\/3117\/revisions"}],"predecessor-version":[{"id":3123,"href":"https:\/\/hostallacreu.com\/fr\/wp-json\/wp\/v2\/pages\/3117\/revisions\/3123"}],"up":[{"embeddable":true,"href":"https:\/\/hostallacreu.com\/fr\/wp-json\/wp\/v2\/pages\/3116"}],"wp:attachment":[{"href":"https:\/\/hostallacreu.com\/fr\/wp-json\/wp\/v2\/media?parent=3117"}],"curies":[{"name":"wp","href":"https:\/\/api.w.org\/{rel}","templated":true}]}}