{"id":3102,"date":"2023-11-28T15:42:41","date_gmt":"2023-11-28T15:42:41","guid":{"rendered":"https:\/\/hostallacreu.com\/?page_id=3102"},"modified":"2023-11-28T15:42:42","modified_gmt":"2023-11-28T15:42:42","slug":"serra-de-cardo","status":"publish","type":"page","link":"https:\/\/hostallacreu.com\/fr\/entorn\/espais-naturals\/serra-de-cardo\/","title":{"rendered":"Serra de Card\u00f3"},"content":{"rendered":"<h1><strong>La serra de Card\u00f3 situada entre les comarques de la Ribera d\u2019Ebre i el Baix Ebre forma un conjunt muntany\u00f3s que es despla\u00e7a des de l\u2019interior de la vall de l\u2019Ebre fins la mar. El punt m\u00e9s elevat \u00e9s la Creu de Santos (942 m). Distribu\u00efts arreu de la serra hi trobem diferents nuclis abandonats com: Sallent, Card\u00f3 o Costum\u00e0.<\/strong><\/h1>\n<p><a href=\"https:\/\/hostallacreu.com\/wp-content\/uploads\/2014\/11\/balneari-de-cardo-01.jpg\"><img loading=\"lazy\" decoding=\"async\" class=\"alignright size-full wp-image-298\" src=\"https:\/\/hostallacreu.com\/wp-content\/uploads\/2014\/11\/balneari-de-cardo-01.jpg\" alt=\"balneari de cardo-01\" width=\"2588\" height=\"877\" srcset=\"https:\/\/hostallacreu.com\/wp-content\/uploads\/2014\/11\/balneari-de-cardo-01.jpg 2588w, https:\/\/hostallacreu.com\/wp-content\/uploads\/2014\/11\/balneari-de-cardo-01-300x101.jpg 300w, https:\/\/hostallacreu.com\/wp-content\/uploads\/2014\/11\/balneari-de-cardo-01-1024x347.jpg 1024w, https:\/\/hostallacreu.com\/wp-content\/uploads\/2014\/11\/balneari-de-cardo-01-624x211.jpg 624w, https:\/\/hostallacreu.com\/wp-content\/uploads\/2014\/11\/balneari-de-cardo-01-1180x400.jpg 1180w, https:\/\/hostallacreu.com\/wp-content\/uploads\/2014\/11\/balneari-de-cardo-01-620x210.jpg 620w, https:\/\/hostallacreu.com\/wp-content\/uploads\/2014\/11\/balneari-de-cardo-01-400x136.jpg 400w\" sizes=\"auto, (max-width: 2588px) 100vw, 2588px\" \/><\/a><\/p>\n<p>Les precipitacions s\u00f3n escasses per\u00f2 el fet de presentar s\u00f2ls calcaris propicia la formaci\u00f3 de corrents subterr\u00e0nies que originen fonts medicinals (bicarbonatades i arsenicals), \u00e9s per aix\u00f2 que s\u2019hi instal\u00b7l\u00e0 un balnerai i una planta embotelladora d\u2019aigua mineral.<\/p>\n<p><a href=\"https:\/\/hostallacreu.com\/wp-content\/uploads\/2014\/11\/BALNEARI-DE-CARD\u00d3-SERRA-TERRES-EBRE-3-1024x683.jpg\"><img loading=\"lazy\" decoding=\"async\" class=\"alignright  wp-image-300\" src=\"https:\/\/hostallacreu.com\/wp-content\/uploads\/2014\/11\/BALNEARI-DE-CARD\u00d3-SERRA-TERRES-EBRE-3-1024x683.jpg\" alt=\"BALNEARI-DE-CARD\u00d3-SERRA-TERRES-EBRE-3-1024x683\" width=\"537\" height=\"358\" srcset=\"https:\/\/hostallacreu.com\/wp-content\/uploads\/2014\/11\/BALNEARI-DE-CARD\u00d3-SERRA-TERRES-EBRE-3-1024x683.jpg 1024w, https:\/\/hostallacreu.com\/wp-content\/uploads\/2014\/11\/BALNEARI-DE-CARD\u00d3-SERRA-TERRES-EBRE-3-1024x683-300x200.jpg 300w, https:\/\/hostallacreu.com\/wp-content\/uploads\/2014\/11\/BALNEARI-DE-CARD\u00d3-SERRA-TERRES-EBRE-3-1024x683-624x416.jpg 624w\" sizes=\"auto, (max-width: 537px) 100vw, 537px\" \/><\/a><\/p>\n<p>L\u2019indret m\u00e9s visitat \u00e9s la Vall de Card\u00f3, la qual compta un patrimoni religi\u00f3s incalculable i un entorn natural amb una gran biodiversitat. S\u2019hi accedeix per Rasquera, al sud de la comarca, on en surt una carretera pavimentada que ens condueix fins aquest punt.<\/p>\n<p><a href=\"https:\/\/hostallacreu.com\/wp-content\/uploads\/2014\/11\/BALNEARI-DE-CARD\u00d3-SERRA-TERRES-EBRE-1024x682.jpg\"><img loading=\"lazy\" decoding=\"async\" class=\"wp-image-303 alignleft\" src=\"https:\/\/hostallacreu.com\/wp-content\/uploads\/2014\/11\/BALNEARI-DE-CARD\u00d3-SERRA-TERRES-EBRE-1024x682.jpg\" alt=\"BALNEARI-DE-CARD\u00d3-SERRA-TERRES-EBRE-1024x682\" width=\"478\" height=\"318\" srcset=\"https:\/\/hostallacreu.com\/wp-content\/uploads\/2014\/11\/BALNEARI-DE-CARD\u00d3-SERRA-TERRES-EBRE-1024x682.jpg 1024w, https:\/\/hostallacreu.com\/wp-content\/uploads\/2014\/11\/BALNEARI-DE-CARD\u00d3-SERRA-TERRES-EBRE-1024x682-300x199.jpg 300w, https:\/\/hostallacreu.com\/wp-content\/uploads\/2014\/11\/BALNEARI-DE-CARD\u00d3-SERRA-TERRES-EBRE-1024x682-624x415.jpg 624w\" sizes=\"auto, (max-width: 478px) 100vw, 478px\" \/><\/a><\/p>\n<p>El balnerai de Card\u00f3, situat al capdamunt de l\u2019espectacular cingle del Salt del Frare, a la mateixa Vall de Card\u00f3, fou constru\u00eft el 1606 pel carmel\u00ed Fra Pau de Crist, qui establ\u00ed una comunitat religiosa. El conjunt patrimonial estava format pels edificis conventuals i un conjunt de 14 ermites distribu\u00efdes en el seu entorn m\u00e9s immediat. Despr\u00e9s de les desamortitzacions del 1835 es convert\u00ed en balneari, tamb\u00e9 fou l\u2019Hospital de l\u2019ex\u00e8rcit republic\u00e0 a la Batalla de l\u2019Ebre i durant els \u00faltims anys funcion\u00e0 com a planta embotelladora.<\/p>\n<p><a href=\"https:\/\/hostallacreu.com\/wp-content\/uploads\/2014\/11\/BALNEARI-DE-CARD\u00d3-SERRA-TERRES-EBRE-4-1024x683.jpg\"><img loading=\"lazy\" decoding=\"async\" class=\"wp-image-301 alignleft\" src=\"https:\/\/hostallacreu.com\/wp-content\/uploads\/2014\/11\/BALNEARI-DE-CARD\u00d3-SERRA-TERRES-EBRE-4-1024x683.jpg\" alt=\"BALNEARI-DE-CARD\u00d3-SERRA-TERRES-EBRE-4-1024x683\" width=\"528\" height=\"352\" srcset=\"https:\/\/hostallacreu.com\/wp-content\/uploads\/2014\/11\/BALNEARI-DE-CARD\u00d3-SERRA-TERRES-EBRE-4-1024x683.jpg 1024w, https:\/\/hostallacreu.com\/wp-content\/uploads\/2014\/11\/BALNEARI-DE-CARD\u00d3-SERRA-TERRES-EBRE-4-1024x683-300x200.jpg 300w, https:\/\/hostallacreu.com\/wp-content\/uploads\/2014\/11\/BALNEARI-DE-CARD\u00d3-SERRA-TERRES-EBRE-4-1024x683-624x416.jpg 624w\" sizes=\"auto, (max-width: 528px) 100vw, 528px\" \/><\/a><\/p>\n<p>La vegetaci\u00f3 de la serra de Card\u00f3, gaudeix d\u2019una gran biodiversitat i bon estat. A la serra de Card\u00f3 hi podem trobar boscos mediterranis for\u00e7a ben conservats i poblats. Hi ha\u00a0alzinars\u00a0ben constitu\u00efts, complementats amb boscos de\u00a0roure valenci\u00e0\u00a0i\u00a0teixos\u00a0que apareixen de manera espor\u00e0dica. A les parts altes i ombr\u00edvoles de la serra, hi ha pinedes de\u00a0pinassa. Tamb\u00e9 \u00e9s abundant el gr\u00e8vol\u00a0i el\u00a0margall\u00f3\u00a0(palmera aut\u00f2ctona europea) totes dos esp\u00e8cies protegides.<\/p>\n<p><a href=\"https:\/\/hostallacreu.com\/wp-content\/uploads\/2014\/11\/BALNEARI-DE-CARD\u00d3-SERRA-TERRES-EBRE-2-682x1024.jpg\"><img loading=\"lazy\" decoding=\"async\" class=\"alignright  wp-image-299\" src=\"https:\/\/hostallacreu.com\/wp-content\/uploads\/2014\/11\/BALNEARI-DE-CARD\u00d3-SERRA-TERRES-EBRE-2-682x1024.jpg\" alt=\"BALNEARI-DE-CARD\u00d3-SERRA-TERRES-EBRE-2-682x1024\" width=\"567\" height=\"851\" srcset=\"https:\/\/hostallacreu.com\/wp-content\/uploads\/2014\/11\/BALNEARI-DE-CARD\u00d3-SERRA-TERRES-EBRE-2-682x1024.jpg 682w, https:\/\/hostallacreu.com\/wp-content\/uploads\/2014\/11\/BALNEARI-DE-CARD\u00d3-SERRA-TERRES-EBRE-2-682x1024-199x300.jpg 199w, https:\/\/hostallacreu.com\/wp-content\/uploads\/2014\/11\/BALNEARI-DE-CARD\u00d3-SERRA-TERRES-EBRE-2-682x1024-624x936.jpg 624w\" sizes=\"auto, (max-width: 567px) 100vw, 567px\" \/><\/a><\/p>\n","protected":false},"excerpt":{"rendered":"<p>La serra de Card\u00f3 situada entre les comarques de la Ribera d\u2019Ebre i el Baix Ebre forma un conjunt muntany\u00f3s que es despla\u00e7a des de l\u2019interior de la vall de l\u2019Ebre fins la mar. El punt m\u00e9s elevat \u00e9s la Creu de Santos (942 m). Distribu\u00efts arreu de la serra hi trobem diferents nuclis abandonats [&hellip;]<\/p>\n","protected":false},"author":3,"featured_media":0,"parent":3101,"menu_order":0,"comment_status":"closed","ping_status":"closed","template":"","meta":{"_monsterinsights_skip_tracking":false,"_monsterinsights_sitenote_active":false,"_monsterinsights_sitenote_note":"","_monsterinsights_sitenote_category":0,"footnotes":""},"class_list":["post-3102","page","type-page","status-publish","hentry"],"yoast_head":"<!-- This site is optimized with the Yoast SEO plugin v26.2 - https:\/\/yoast.com\/wordpress\/plugins\/seo\/ -->\n<title>Serra de Card\u00f3 - Hostal Gastron\u00f2mic La Creu<\/title>\n<meta name=\"robots\" content=\"index, follow, max-snippet:-1, max-image-preview:large, max-video-preview:-1\" \/>\n<link rel=\"canonical\" href=\"https:\/\/hostallacreu.com\/fr\/entorn\/espais-naturals\/serra-de-cardo\/\" \/>\n<meta property=\"og:locale\" content=\"fr_FR\" \/>\n<meta property=\"og:type\" content=\"article\" \/>\n<meta property=\"og:title\" content=\"Serra de Card\u00f3 - Hostal Gastron\u00f2mic La Creu\" \/>\n<meta property=\"og:description\" content=\"La serra de Card\u00f3 situada entre les comarques de la Ribera d\u2019Ebre i el Baix Ebre forma un conjunt muntany\u00f3s que es despla\u00e7a des de l\u2019interior de la vall de l\u2019Ebre fins la mar. El punt m\u00e9s elevat \u00e9s la Creu de Santos (942 m). Distribu\u00efts arreu de la serra hi trobem diferents nuclis abandonats [&hellip;]\" \/>\n<meta property=\"og:url\" content=\"https:\/\/hostallacreu.com\/fr\/entorn\/espais-naturals\/serra-de-cardo\/\" \/>\n<meta property=\"og:site_name\" content=\"Hostal Gastron\u00f2mic La Creu\" \/>\n<meta property=\"article:modified_time\" content=\"2023-11-28T15:42:42+00:00\" \/>\n<meta property=\"og:image\" content=\"http:\/\/hostallacreu.com\/wp-content\/uploads\/2014\/11\/balneari-de-cardo-01.jpg\" \/>\n<meta name=\"twitter:label1\" content=\"Dur\u00e9e de lecture estim\u00e9e\" \/>\n\t<meta name=\"twitter:data1\" content=\"3 minutes\" \/>\n<script type=\"application\/ld+json\" class=\"yoast-schema-graph\">{\"@context\":\"https:\/\/schema.org\",\"@graph\":[{\"@type\":\"WebPage\",\"@id\":\"https:\/\/hostallacreu.com\/fr\/entorn\/espais-naturals\/serra-de-cardo\/\",\"url\":\"https:\/\/hostallacreu.com\/fr\/entorn\/espais-naturals\/serra-de-cardo\/\",\"name\":\"Serra de Card\u00f3 - Hostal Gastron\u00f2mic La Creu\",\"isPartOf\":{\"@id\":\"https:\/\/hostallacreu.com\/#website\"},\"primaryImageOfPage\":{\"@id\":\"https:\/\/hostallacreu.com\/fr\/entorn\/espais-naturals\/serra-de-cardo\/#primaryimage\"},\"image\":{\"@id\":\"https:\/\/hostallacreu.com\/fr\/entorn\/espais-naturals\/serra-de-cardo\/#primaryimage\"},\"thumbnailUrl\":\"http:\/\/hostallacreu.com\/wp-content\/uploads\/2014\/11\/balneari-de-cardo-01.jpg\",\"datePublished\":\"2023-11-28T15:42:41+00:00\",\"dateModified\":\"2023-11-28T15:42:42+00:00\",\"breadcrumb\":{\"@id\":\"https:\/\/hostallacreu.com\/fr\/entorn\/espais-naturals\/serra-de-cardo\/#breadcrumb\"},\"inLanguage\":\"fr-FR\",\"potentialAction\":[{\"@type\":\"ReadAction\",\"target\":[\"https:\/\/hostallacreu.com\/fr\/entorn\/espais-naturals\/serra-de-cardo\/\"]}]},{\"@type\":\"ImageObject\",\"inLanguage\":\"fr-FR\",\"@id\":\"https:\/\/hostallacreu.com\/fr\/entorn\/espais-naturals\/serra-de-cardo\/#primaryimage\",\"url\":\"http:\/\/hostallacreu.com\/wp-content\/uploads\/2014\/11\/balneari-de-cardo-01.jpg\",\"contentUrl\":\"http:\/\/hostallacreu.com\/wp-content\/uploads\/2014\/11\/balneari-de-cardo-01.jpg\"},{\"@type\":\"BreadcrumbList\",\"@id\":\"https:\/\/hostallacreu.com\/fr\/entorn\/espais-naturals\/serra-de-cardo\/#breadcrumb\",\"itemListElement\":[{\"@type\":\"ListItem\",\"position\":1,\"name\":\"Home\",\"item\":\"https:\/\/hostallacreu.com\/fr\/\"},{\"@type\":\"ListItem\",\"position\":2,\"name\":\"Entorn\",\"item\":\"https:\/\/hostallacreu.com\/fr\/entorn\/\"},{\"@type\":\"ListItem\",\"position\":3,\"name\":\"Espais naturals\",\"item\":\"https:\/\/hostallacreu.com\/fr\/entorn\/espais-naturals\/\"},{\"@type\":\"ListItem\",\"position\":4,\"name\":\"Serra de Card\u00f3\"}]},{\"@type\":\"WebSite\",\"@id\":\"https:\/\/hostallacreu.com\/#website\",\"url\":\"https:\/\/hostallacreu.com\/\",\"name\":\"Hostal Gastron\u00f2mic La Creu\",\"description\":\"El teu allotjament i restaurant a la Ribera d&#039;Ebre\",\"potentialAction\":[{\"@type\":\"SearchAction\",\"target\":{\"@type\":\"EntryPoint\",\"urlTemplate\":\"https:\/\/hostallacreu.com\/?s={search_term_string}\"},\"query-input\":{\"@type\":\"PropertyValueSpecification\",\"valueRequired\":true,\"valueName\":\"search_term_string\"}}],\"inLanguage\":\"fr-FR\"}]}<\/script>\n<!-- \/ Yoast SEO plugin. -->","yoast_head_json":{"title":"Serra de Card\u00f3 - Hostal Gastron\u00f2mic La Creu","robots":{"index":"index","follow":"follow","max-snippet":"max-snippet:-1","max-image-preview":"max-image-preview:large","max-video-preview":"max-video-preview:-1"},"canonical":"https:\/\/hostallacreu.com\/fr\/entorn\/espais-naturals\/serra-de-cardo\/","og_locale":"fr_FR","og_type":"article","og_title":"Serra de Card\u00f3 - Hostal Gastron\u00f2mic La Creu","og_description":"La serra de Card\u00f3 situada entre les comarques de la Ribera d\u2019Ebre i el Baix Ebre forma un conjunt muntany\u00f3s que es despla\u00e7a des de l\u2019interior de la vall de l\u2019Ebre fins la mar. El punt m\u00e9s elevat \u00e9s la Creu de Santos (942 m). Distribu\u00efts arreu de la serra hi trobem diferents nuclis abandonats [&hellip;]","og_url":"https:\/\/hostallacreu.com\/fr\/entorn\/espais-naturals\/serra-de-cardo\/","og_site_name":"Hostal Gastron\u00f2mic La Creu","article_modified_time":"2023-11-28T15:42:42+00:00","og_image":[{"url":"http:\/\/hostallacreu.com\/wp-content\/uploads\/2014\/11\/balneari-de-cardo-01.jpg","type":"","width":"","height":""}],"twitter_misc":{"Dur\u00e9e de lecture estim\u00e9e":"3 minutes"},"schema":{"@context":"https:\/\/schema.org","@graph":[{"@type":"WebPage","@id":"https:\/\/hostallacreu.com\/fr\/entorn\/espais-naturals\/serra-de-cardo\/","url":"https:\/\/hostallacreu.com\/fr\/entorn\/espais-naturals\/serra-de-cardo\/","name":"Serra de Card\u00f3 - Hostal Gastron\u00f2mic La Creu","isPartOf":{"@id":"https:\/\/hostallacreu.com\/#website"},"primaryImageOfPage":{"@id":"https:\/\/hostallacreu.com\/fr\/entorn\/espais-naturals\/serra-de-cardo\/#primaryimage"},"image":{"@id":"https:\/\/hostallacreu.com\/fr\/entorn\/espais-naturals\/serra-de-cardo\/#primaryimage"},"thumbnailUrl":"http:\/\/hostallacreu.com\/wp-content\/uploads\/2014\/11\/balneari-de-cardo-01.jpg","datePublished":"2023-11-28T15:42:41+00:00","dateModified":"2023-11-28T15:42:42+00:00","breadcrumb":{"@id":"https:\/\/hostallacreu.com\/fr\/entorn\/espais-naturals\/serra-de-cardo\/#breadcrumb"},"inLanguage":"fr-FR","potentialAction":[{"@type":"ReadAction","target":["https:\/\/hostallacreu.com\/fr\/entorn\/espais-naturals\/serra-de-cardo\/"]}]},{"@type":"ImageObject","inLanguage":"fr-FR","@id":"https:\/\/hostallacreu.com\/fr\/entorn\/espais-naturals\/serra-de-cardo\/#primaryimage","url":"http:\/\/hostallacreu.com\/wp-content\/uploads\/2014\/11\/balneari-de-cardo-01.jpg","contentUrl":"http:\/\/hostallacreu.com\/wp-content\/uploads\/2014\/11\/balneari-de-cardo-01.jpg"},{"@type":"BreadcrumbList","@id":"https:\/\/hostallacreu.com\/fr\/entorn\/espais-naturals\/serra-de-cardo\/#breadcrumb","itemListElement":[{"@type":"ListItem","position":1,"name":"Home","item":"https:\/\/hostallacreu.com\/fr\/"},{"@type":"ListItem","position":2,"name":"Entorn","item":"https:\/\/hostallacreu.com\/fr\/entorn\/"},{"@type":"ListItem","position":3,"name":"Espais naturals","item":"https:\/\/hostallacreu.com\/fr\/entorn\/espais-naturals\/"},{"@type":"ListItem","position":4,"name":"Serra de Card\u00f3"}]},{"@type":"WebSite","@id":"https:\/\/hostallacreu.com\/#website","url":"https:\/\/hostallacreu.com\/","name":"Hostal Gastron\u00f2mic La Creu","description":"El teu allotjament i restaurant a la Ribera d&#039;Ebre","potentialAction":[{"@type":"SearchAction","target":{"@type":"EntryPoint","urlTemplate":"https:\/\/hostallacreu.com\/?s={search_term_string}"},"query-input":{"@type":"PropertyValueSpecification","valueRequired":true,"valueName":"search_term_string"}}],"inLanguage":"fr-FR"}]}},"_links":{"self":[{"href":"https:\/\/hostallacreu.com\/fr\/wp-json\/wp\/v2\/pages\/3102","targetHints":{"allow":["GET"]}}],"collection":[{"href":"https:\/\/hostallacreu.com\/fr\/wp-json\/wp\/v2\/pages"}],"about":[{"href":"https:\/\/hostallacreu.com\/fr\/wp-json\/wp\/v2\/types\/page"}],"author":[{"embeddable":true,"href":"https:\/\/hostallacreu.com\/fr\/wp-json\/wp\/v2\/users\/3"}],"replies":[{"embeddable":true,"href":"https:\/\/hostallacreu.com\/fr\/wp-json\/wp\/v2\/comments?post=3102"}],"version-history":[{"count":1,"href":"https:\/\/hostallacreu.com\/fr\/wp-json\/wp\/v2\/pages\/3102\/revisions"}],"predecessor-version":[{"id":3114,"href":"https:\/\/hostallacreu.com\/fr\/wp-json\/wp\/v2\/pages\/3102\/revisions\/3114"}],"up":[{"embeddable":true,"href":"https:\/\/hostallacreu.com\/fr\/wp-json\/wp\/v2\/pages\/3101"}],"wp:attachment":[{"href":"https:\/\/hostallacreu.com\/fr\/wp-json\/wp\/v2\/media?parent=3102"}],"curies":[{"name":"wp","href":"https:\/\/api.w.org\/{rel}","templated":true}]}}