{"id":3096,"date":"2023-11-28T15:41:22","date_gmt":"2023-11-28T15:41:22","guid":{"rendered":"https:\/\/hostallacreu.com\/?page_id=3096"},"modified":"2023-11-28T15:41:23","modified_gmt":"2023-11-28T15:41:23","slug":"refugi-de-la-font-gran","status":"publish","type":"page","link":"https:\/\/hostallacreu.com\/fr\/entorn\/batalla-de-lebre\/refugi-de-la-font-gran\/","title":{"rendered":"Refugi de la Font Gran"},"content":{"rendered":"<h1><strong>Benissanet, com molts altres pobles riberencs es convert\u00ed en un punt estrat\u00e8gic durant la Batalla de l\u2019Ebre, com a lloc de concentraci\u00f3 de tropes i aliments que anaven al front, aix\u00ed com per a l\u2019evacuaci\u00f3 dels ferits.<\/strong><\/h1>\n<p><a href=\"https:\/\/hostallacreu.com\/wp-content\/uploads\/2014\/11\/refugi-de-la-font-gran-benissanet-turisme-ribera-debre-3-03.jpg\"><img loading=\"lazy\" decoding=\"async\" class=\"alignright  wp-image-275\" src=\"https:\/\/hostallacreu.com\/wp-content\/uploads\/2014\/11\/refugi-de-la-font-gran-benissanet-turisme-ribera-debre-3-03.jpg\" alt=\"refugi-de-la-font-gran-benissanet-turisme-ribera-debre-3-03\" width=\"514\" height=\"383\" srcset=\"https:\/\/hostallacreu.com\/wp-content\/uploads\/2014\/11\/refugi-de-la-font-gran-benissanet-turisme-ribera-debre-3-03.jpg 1472w, https:\/\/hostallacreu.com\/wp-content\/uploads\/2014\/11\/refugi-de-la-font-gran-benissanet-turisme-ribera-debre-3-03-300x223.jpg 300w, https:\/\/hostallacreu.com\/wp-content\/uploads\/2014\/11\/refugi-de-la-font-gran-benissanet-turisme-ribera-debre-3-03-1024x764.jpg 1024w, https:\/\/hostallacreu.com\/wp-content\/uploads\/2014\/11\/refugi-de-la-font-gran-benissanet-turisme-ribera-debre-3-03-624x465.jpg 624w\" sizes=\"auto, (max-width: 514px) 100vw, 514px\" \/><\/a><\/p>\n<p>Fa pocs anys es descobr\u00ed un tresor b\u00e8l\u00b7lic enterrat sota els peus de la poblaci\u00f3, es tracta del\u00a0<strong>refugi de la Font Gran de Benissanet<\/strong>. Com a conseq\u00fc\u00e8ncia de l\u2019aparici\u00f3 constant de l\u2019aviaci\u00f3 franquista que bombardejava la zona, la mateixa poblaci\u00f3 i els militars republicans decidiren construir refugis.<\/p>\n<p>En el cas de Benissanet, el refugi fou constru\u00eft per soldats republicans que feien de paleta, excavant i refor\u00e7ant diversos trams de les galeries amb obra, i sobretot noies joves del poble, es creu que hi participaren al voltant de 20 joves, d\u2019entre 14 i 16 anys, que de manera heroica i durant les nits col\u00b7laboraren, per torns, extraient-ne la terra.<img loading=\"lazy\" decoding=\"async\" class=\"wp-image-276 alignleft\" src=\"https:\/\/hostallacreu.com\/wp-content\/uploads\/2014\/11\/refugi-de-la-font-gran-benissanet-turisme-ribera-debre-4-03.jpg\" alt=\"refugi-de-la-font-gran-benissanet-turisme-ribera-debre-4-03\" width=\"467\" height=\"349\" srcset=\"https:\/\/hostallacreu.com\/wp-content\/uploads\/2014\/11\/refugi-de-la-font-gran-benissanet-turisme-ribera-debre-4-03.jpg 1472w, https:\/\/hostallacreu.com\/wp-content\/uploads\/2014\/11\/refugi-de-la-font-gran-benissanet-turisme-ribera-debre-4-03-300x223.jpg 300w, https:\/\/hostallacreu.com\/wp-content\/uploads\/2014\/11\/refugi-de-la-font-gran-benissanet-turisme-ribera-debre-4-03-1024x764.jpg 1024w, https:\/\/hostallacreu.com\/wp-content\/uploads\/2014\/11\/refugi-de-la-font-gran-benissanet-turisme-ribera-debre-4-03-624x465.jpg 624w\" sizes=\"auto, (max-width: 467px) 100vw, 467px\" \/><\/p>\n<p>Actualment, el refugi de la Font Gran, que ha estat recuperat per al gaudi tur\u00edstic, es converteix en una <strong>proposta molt atractiva per entendre la Batalla de l\u2019Ebre per\u00f2 tamb\u00e9, com a lloc de visita complement\u00e0ria a Miravet i el seu castell<\/strong>, per la seva proximitat. A m\u00e9s, dins el refugi hi trobem una <strong>exposici\u00f3 d\u2019escultures d\u2019un autor barcelon\u00ed fetes amb restes de metralla<\/strong>, una <strong>exposici\u00f3 de fotografies<\/strong> de la Batalla de l\u2019Ebre a la Ribera d\u2019Ebre i s\u2019hi projecta un <strong>audiovisual<\/strong>.<\/p>\n<p><img loading=\"lazy\" decoding=\"async\" class=\"wp-image-278 aligncenter\" src=\"https:\/\/hostallacreu.com\/wp-content\/uploads\/2014\/11\/refugi-de-la-font-gran-benissanet-turisme-ribera-debre-6-01.jpg\" alt=\"refugi-de-la-font-gran-benissanet-turisme-ribera-debre-6-01\" width=\"524\" height=\"240\" srcset=\"https:\/\/hostallacreu.com\/wp-content\/uploads\/2014\/11\/refugi-de-la-font-gran-benissanet-turisme-ribera-debre-6-01.jpg 1773w, https:\/\/hostallacreu.com\/wp-content\/uploads\/2014\/11\/refugi-de-la-font-gran-benissanet-turisme-ribera-debre-6-01-300x137.jpg 300w, https:\/\/hostallacreu.com\/wp-content\/uploads\/2014\/11\/refugi-de-la-font-gran-benissanet-turisme-ribera-debre-6-01-1024x468.jpg 1024w, https:\/\/hostallacreu.com\/wp-content\/uploads\/2014\/11\/refugi-de-la-font-gran-benissanet-turisme-ribera-debre-6-01-624x285.jpg 624w\" sizes=\"auto, (max-width: 524px) 100vw, 524px\" \/><\/p>\n<p><strong>La visita al refugi s\u2019ha de fer amb reserva pr\u00e8via posant-se en contacte a trav\u00e9s dels seg\u00fcents tel\u00e8fons: 977 40 79 15 \/ 977 40 70 05.<\/strong><\/p>\n<p><em>Els horaris de la vista concertada s\u00f3n els seg\u00fcents:<\/em><\/p>\n<p><em>Dilluns de 9.00h a 13.30h.<\/em><\/p>\n<p><em>Dimarts de 9.00h a 13.00h, i de 16.30h a 18.30h.<\/em><\/p>\n<p><em>Dimecres de 9.00h a 13.00h i de 16.30h a 18.30h.<\/em><\/p>\n<p><em>Dijous de 9.00h a 13.00h, i de 16.30h a 18.30h.<\/em><\/p>\n<p><em>Divendres de 9.00h a 13.00h.<\/em><\/p>\n<p><em>Dissabte de 10.00h a 13.00h.<\/em><\/p>\n<p><em>Durant el mes d\u2019agost l\u2019horari de visita \u00e9s de dilluns a dissabte de 9h a 13h, a les tardes roman tancat.<\/em><\/p>\n<p><em>L\u2019\u00faltim dissabte de cada mes, el refugi tamb\u00e9 es tancat.<\/em><\/p>\n<p><strong><em>El preu de la visita \u00e9s de 2\u20ac per persona sempre que sigui dins de l\u2019horari, si es fora d\u2019horari caldr\u00e0 abonar el preu de la visita guiada.<\/em><\/strong><\/p>\n<p>&nbsp;<\/p>\n","protected":false},"excerpt":{"rendered":"<p>Benissanet, com molts altres pobles riberencs es convert\u00ed en un punt estrat\u00e8gic durant la Batalla de l\u2019Ebre, com a lloc de concentraci\u00f3 de tropes i aliments que anaven al front, aix\u00ed com per a l\u2019evacuaci\u00f3 dels ferits. Fa pocs anys es descobr\u00ed un tresor b\u00e8l\u00b7lic enterrat sota els peus de la poblaci\u00f3, es tracta del\u00a0refugi [&hellip;]<\/p>\n","protected":false},"author":3,"featured_media":0,"parent":3106,"menu_order":0,"comment_status":"closed","ping_status":"closed","template":"","meta":{"_monsterinsights_skip_tracking":false,"_monsterinsights_sitenote_active":false,"_monsterinsights_sitenote_note":"","_monsterinsights_sitenote_category":0,"footnotes":""},"class_list":["post-3096","page","type-page","status-publish","hentry"],"yoast_head":"<!-- This site is optimized with the Yoast SEO plugin v26.2 - https:\/\/yoast.com\/wordpress\/plugins\/seo\/ -->\n<title>Refugi de la Font Gran - Hostal Gastron\u00f2mic La Creu<\/title>\n<meta name=\"robots\" content=\"index, follow, max-snippet:-1, max-image-preview:large, max-video-preview:-1\" \/>\n<link rel=\"canonical\" href=\"https:\/\/hostallacreu.com\/fr\/entorn\/batalla-de-lebre\/refugi-de-la-font-gran\/\" \/>\n<meta property=\"og:locale\" content=\"fr_FR\" \/>\n<meta property=\"og:type\" content=\"article\" \/>\n<meta property=\"og:title\" content=\"Refugi de la Font Gran - Hostal Gastron\u00f2mic La Creu\" \/>\n<meta property=\"og:description\" content=\"Benissanet, com molts altres pobles riberencs es convert\u00ed en un punt estrat\u00e8gic durant la Batalla de l\u2019Ebre, com a lloc de concentraci\u00f3 de tropes i aliments que anaven al front, aix\u00ed com per a l\u2019evacuaci\u00f3 dels ferits. Fa pocs anys es descobr\u00ed un tresor b\u00e8l\u00b7lic enterrat sota els peus de la poblaci\u00f3, es tracta del\u00a0refugi [&hellip;]\" \/>\n<meta property=\"og:url\" content=\"https:\/\/hostallacreu.com\/fr\/entorn\/batalla-de-lebre\/refugi-de-la-font-gran\/\" \/>\n<meta property=\"og:site_name\" content=\"Hostal Gastron\u00f2mic La Creu\" \/>\n<meta property=\"article:modified_time\" content=\"2023-11-28T15:41:23+00:00\" \/>\n<meta property=\"og:image\" content=\"http:\/\/hostallacreu.com\/wp-content\/uploads\/2014\/11\/refugi-de-la-font-gran-benissanet-turisme-ribera-debre-3-03.jpg\" \/>\n<meta name=\"twitter:label1\" content=\"Dur\u00e9e de lecture estim\u00e9e\" \/>\n\t<meta name=\"twitter:data1\" content=\"3 minutes\" \/>\n<script type=\"application\/ld+json\" class=\"yoast-schema-graph\">{\"@context\":\"https:\/\/schema.org\",\"@graph\":[{\"@type\":\"WebPage\",\"@id\":\"https:\/\/hostallacreu.com\/fr\/entorn\/batalla-de-lebre\/refugi-de-la-font-gran\/\",\"url\":\"https:\/\/hostallacreu.com\/fr\/entorn\/batalla-de-lebre\/refugi-de-la-font-gran\/\",\"name\":\"Refugi de la Font Gran - Hostal Gastron\u00f2mic La Creu\",\"isPartOf\":{\"@id\":\"https:\/\/hostallacreu.com\/#website\"},\"primaryImageOfPage\":{\"@id\":\"https:\/\/hostallacreu.com\/fr\/entorn\/batalla-de-lebre\/refugi-de-la-font-gran\/#primaryimage\"},\"image\":{\"@id\":\"https:\/\/hostallacreu.com\/fr\/entorn\/batalla-de-lebre\/refugi-de-la-font-gran\/#primaryimage\"},\"thumbnailUrl\":\"http:\/\/hostallacreu.com\/wp-content\/uploads\/2014\/11\/refugi-de-la-font-gran-benissanet-turisme-ribera-debre-3-03.jpg\",\"datePublished\":\"2023-11-28T15:41:22+00:00\",\"dateModified\":\"2023-11-28T15:41:23+00:00\",\"breadcrumb\":{\"@id\":\"https:\/\/hostallacreu.com\/fr\/entorn\/batalla-de-lebre\/refugi-de-la-font-gran\/#breadcrumb\"},\"inLanguage\":\"fr-FR\",\"potentialAction\":[{\"@type\":\"ReadAction\",\"target\":[\"https:\/\/hostallacreu.com\/fr\/entorn\/batalla-de-lebre\/refugi-de-la-font-gran\/\"]}]},{\"@type\":\"ImageObject\",\"inLanguage\":\"fr-FR\",\"@id\":\"https:\/\/hostallacreu.com\/fr\/entorn\/batalla-de-lebre\/refugi-de-la-font-gran\/#primaryimage\",\"url\":\"http:\/\/hostallacreu.com\/wp-content\/uploads\/2014\/11\/refugi-de-la-font-gran-benissanet-turisme-ribera-debre-3-03.jpg\",\"contentUrl\":\"http:\/\/hostallacreu.com\/wp-content\/uploads\/2014\/11\/refugi-de-la-font-gran-benissanet-turisme-ribera-debre-3-03.jpg\"},{\"@type\":\"BreadcrumbList\",\"@id\":\"https:\/\/hostallacreu.com\/fr\/entorn\/batalla-de-lebre\/refugi-de-la-font-gran\/#breadcrumb\",\"itemListElement\":[{\"@type\":\"ListItem\",\"position\":1,\"name\":\"Home\",\"item\":\"https:\/\/hostallacreu.com\/fr\/\"},{\"@type\":\"ListItem\",\"position\":2,\"name\":\"Entorn\",\"item\":\"https:\/\/hostallacreu.com\/fr\/entorn\/\"},{\"@type\":\"ListItem\",\"position\":3,\"name\":\"Batalla de l&#8217;Ebre\",\"item\":\"https:\/\/hostallacreu.com\/fr\/entorn\/batalla-de-lebre\/\"},{\"@type\":\"ListItem\",\"position\":4,\"name\":\"Refugi de la Font Gran\"}]},{\"@type\":\"WebSite\",\"@id\":\"https:\/\/hostallacreu.com\/#website\",\"url\":\"https:\/\/hostallacreu.com\/\",\"name\":\"Hostal Gastron\u00f2mic La Creu\",\"description\":\"El teu allotjament i restaurant a la Ribera d&#039;Ebre\",\"potentialAction\":[{\"@type\":\"SearchAction\",\"target\":{\"@type\":\"EntryPoint\",\"urlTemplate\":\"https:\/\/hostallacreu.com\/?s={search_term_string}\"},\"query-input\":{\"@type\":\"PropertyValueSpecification\",\"valueRequired\":true,\"valueName\":\"search_term_string\"}}],\"inLanguage\":\"fr-FR\"}]}<\/script>\n<!-- \/ Yoast SEO plugin. -->","yoast_head_json":{"title":"Refugi de la Font Gran - Hostal Gastron\u00f2mic La Creu","robots":{"index":"index","follow":"follow","max-snippet":"max-snippet:-1","max-image-preview":"max-image-preview:large","max-video-preview":"max-video-preview:-1"},"canonical":"https:\/\/hostallacreu.com\/fr\/entorn\/batalla-de-lebre\/refugi-de-la-font-gran\/","og_locale":"fr_FR","og_type":"article","og_title":"Refugi de la Font Gran - Hostal Gastron\u00f2mic La Creu","og_description":"Benissanet, com molts altres pobles riberencs es convert\u00ed en un punt estrat\u00e8gic durant la Batalla de l\u2019Ebre, com a lloc de concentraci\u00f3 de tropes i aliments que anaven al front, aix\u00ed com per a l\u2019evacuaci\u00f3 dels ferits. Fa pocs anys es descobr\u00ed un tresor b\u00e8l\u00b7lic enterrat sota els peus de la poblaci\u00f3, es tracta del\u00a0refugi [&hellip;]","og_url":"https:\/\/hostallacreu.com\/fr\/entorn\/batalla-de-lebre\/refugi-de-la-font-gran\/","og_site_name":"Hostal Gastron\u00f2mic La Creu","article_modified_time":"2023-11-28T15:41:23+00:00","og_image":[{"url":"http:\/\/hostallacreu.com\/wp-content\/uploads\/2014\/11\/refugi-de-la-font-gran-benissanet-turisme-ribera-debre-3-03.jpg","type":"","width":"","height":""}],"twitter_misc":{"Dur\u00e9e de lecture estim\u00e9e":"3 minutes"},"schema":{"@context":"https:\/\/schema.org","@graph":[{"@type":"WebPage","@id":"https:\/\/hostallacreu.com\/fr\/entorn\/batalla-de-lebre\/refugi-de-la-font-gran\/","url":"https:\/\/hostallacreu.com\/fr\/entorn\/batalla-de-lebre\/refugi-de-la-font-gran\/","name":"Refugi de la Font Gran - Hostal Gastron\u00f2mic La Creu","isPartOf":{"@id":"https:\/\/hostallacreu.com\/#website"},"primaryImageOfPage":{"@id":"https:\/\/hostallacreu.com\/fr\/entorn\/batalla-de-lebre\/refugi-de-la-font-gran\/#primaryimage"},"image":{"@id":"https:\/\/hostallacreu.com\/fr\/entorn\/batalla-de-lebre\/refugi-de-la-font-gran\/#primaryimage"},"thumbnailUrl":"http:\/\/hostallacreu.com\/wp-content\/uploads\/2014\/11\/refugi-de-la-font-gran-benissanet-turisme-ribera-debre-3-03.jpg","datePublished":"2023-11-28T15:41:22+00:00","dateModified":"2023-11-28T15:41:23+00:00","breadcrumb":{"@id":"https:\/\/hostallacreu.com\/fr\/entorn\/batalla-de-lebre\/refugi-de-la-font-gran\/#breadcrumb"},"inLanguage":"fr-FR","potentialAction":[{"@type":"ReadAction","target":["https:\/\/hostallacreu.com\/fr\/entorn\/batalla-de-lebre\/refugi-de-la-font-gran\/"]}]},{"@type":"ImageObject","inLanguage":"fr-FR","@id":"https:\/\/hostallacreu.com\/fr\/entorn\/batalla-de-lebre\/refugi-de-la-font-gran\/#primaryimage","url":"http:\/\/hostallacreu.com\/wp-content\/uploads\/2014\/11\/refugi-de-la-font-gran-benissanet-turisme-ribera-debre-3-03.jpg","contentUrl":"http:\/\/hostallacreu.com\/wp-content\/uploads\/2014\/11\/refugi-de-la-font-gran-benissanet-turisme-ribera-debre-3-03.jpg"},{"@type":"BreadcrumbList","@id":"https:\/\/hostallacreu.com\/fr\/entorn\/batalla-de-lebre\/refugi-de-la-font-gran\/#breadcrumb","itemListElement":[{"@type":"ListItem","position":1,"name":"Home","item":"https:\/\/hostallacreu.com\/fr\/"},{"@type":"ListItem","position":2,"name":"Entorn","item":"https:\/\/hostallacreu.com\/fr\/entorn\/"},{"@type":"ListItem","position":3,"name":"Batalla de l&#8217;Ebre","item":"https:\/\/hostallacreu.com\/fr\/entorn\/batalla-de-lebre\/"},{"@type":"ListItem","position":4,"name":"Refugi de la Font Gran"}]},{"@type":"WebSite","@id":"https:\/\/hostallacreu.com\/#website","url":"https:\/\/hostallacreu.com\/","name":"Hostal Gastron\u00f2mic La Creu","description":"El teu allotjament i restaurant a la Ribera d&#039;Ebre","potentialAction":[{"@type":"SearchAction","target":{"@type":"EntryPoint","urlTemplate":"https:\/\/hostallacreu.com\/?s={search_term_string}"},"query-input":{"@type":"PropertyValueSpecification","valueRequired":true,"valueName":"search_term_string"}}],"inLanguage":"fr-FR"}]}},"_links":{"self":[{"href":"https:\/\/hostallacreu.com\/fr\/wp-json\/wp\/v2\/pages\/3096","targetHints":{"allow":["GET"]}}],"collection":[{"href":"https:\/\/hostallacreu.com\/fr\/wp-json\/wp\/v2\/pages"}],"about":[{"href":"https:\/\/hostallacreu.com\/fr\/wp-json\/wp\/v2\/types\/page"}],"author":[{"embeddable":true,"href":"https:\/\/hostallacreu.com\/fr\/wp-json\/wp\/v2\/users\/3"}],"replies":[{"embeddable":true,"href":"https:\/\/hostallacreu.com\/fr\/wp-json\/wp\/v2\/comments?post=3096"}],"version-history":[{"count":1,"href":"https:\/\/hostallacreu.com\/fr\/wp-json\/wp\/v2\/pages\/3096\/revisions"}],"predecessor-version":[{"id":3108,"href":"https:\/\/hostallacreu.com\/fr\/wp-json\/wp\/v2\/pages\/3096\/revisions\/3108"}],"up":[{"embeddable":true,"href":"https:\/\/hostallacreu.com\/fr\/wp-json\/wp\/v2\/pages\/3106"}],"wp:attachment":[{"href":"https:\/\/hostallacreu.com\/fr\/wp-json\/wp\/v2\/media?parent=3096"}],"curies":[{"name":"wp","href":"https:\/\/api.w.org\/{rel}","templated":true}]}}