{"id":527,"date":"2014-11-25T15:16:49","date_gmt":"2014-11-25T15:16:49","guid":{"rendered":"http:\/\/hostallacreu.com\/?page_id=527"},"modified":"2014-11-25T15:16:49","modified_gmt":"2014-11-25T15:16:49","slug":"refugio-de-la-font-gran","status":"publish","type":"page","link":"https:\/\/hostallacreu.com\/es\/entorno\/batalla-del-ebro\/refugio-de-la-font-gran\/","title":{"rendered":"Refugio de la Font Gran"},"content":{"rendered":"<h1><strong>Benissanet, como muchos otros pueblos ribere\u00f1os se convirti\u00f3 en un punto estrat\u00e9gico durante la Batalla del Ebro, como lugar de concentraci\u00f3n de tropas y alimentos que iban al frente, as\u00ed como para la evacuaci\u00f3n de los heridos.<\/strong><\/h1>\n<p><a href=\"https:\/\/hostallacreu.com\/wp-content\/uploads\/2014\/11\/refugi-de-la-font-gran-benissanet-turisme-ribera-debre-3-03.jpg\"><img loading=\"lazy\" decoding=\"async\" class=\"alignright  wp-image-275\" src=\"https:\/\/hostallacreu.com\/wp-content\/uploads\/2014\/11\/refugi-de-la-font-gran-benissanet-turisme-ribera-debre-3-03.jpg\" alt=\"refugi-de-la-font-gran-benissanet-turisme-ribera-debre-3-03\" width=\"514\" height=\"383\" srcset=\"https:\/\/hostallacreu.com\/wp-content\/uploads\/2014\/11\/refugi-de-la-font-gran-benissanet-turisme-ribera-debre-3-03.jpg 1472w, https:\/\/hostallacreu.com\/wp-content\/uploads\/2014\/11\/refugi-de-la-font-gran-benissanet-turisme-ribera-debre-3-03-300x223.jpg 300w, https:\/\/hostallacreu.com\/wp-content\/uploads\/2014\/11\/refugi-de-la-font-gran-benissanet-turisme-ribera-debre-3-03-1024x764.jpg 1024w, https:\/\/hostallacreu.com\/wp-content\/uploads\/2014\/11\/refugi-de-la-font-gran-benissanet-turisme-ribera-debre-3-03-624x465.jpg 624w\" sizes=\"auto, (max-width: 514px) 100vw, 514px\" \/><\/a><\/p>\n<p>Hace pocos a\u00f1os se descubri\u00f3 un tesoro b\u00e9lico enterrado bajo los pies de la poblaci\u00f3n, se trata del refugio de la Fuente Grande de Benissanet. Como consecuencia de la aparici\u00f3n constante de la aviaci\u00f3n franquista que bombardeaba la zona, la misma poblaci\u00f3n y los militares republicanos decidieron construir refugios.<\/p>\n<p>En el caso de Benissanet, el refugio fue construido por soldados republicanos que hac\u00edan de alba\u00f1il, excavando y reforzando varios tramos de las galer\u00edas con obra, y sobre todo chicas j\u00f3venes del pueblo, se cree que participaron alrededor de 20 j\u00f3venes, de entre 14 y 16 a\u00f1os, que de manera heroica y durante las noches colaboraron, por turnos, extrayendo la tierra.<\/p>\n<p><img loading=\"lazy\" decoding=\"async\" class=\"wp-image-276 alignleft\" src=\"https:\/\/hostallacreu.com\/wp-content\/uploads\/2014\/11\/refugi-de-la-font-gran-benissanet-turisme-ribera-debre-4-03.jpg\" alt=\"refugi-de-la-font-gran-benissanet-turisme-ribera-debre-4-03\" width=\"467\" height=\"349\" srcset=\"https:\/\/hostallacreu.com\/wp-content\/uploads\/2014\/11\/refugi-de-la-font-gran-benissanet-turisme-ribera-debre-4-03.jpg 1472w, https:\/\/hostallacreu.com\/wp-content\/uploads\/2014\/11\/refugi-de-la-font-gran-benissanet-turisme-ribera-debre-4-03-300x223.jpg 300w, https:\/\/hostallacreu.com\/wp-content\/uploads\/2014\/11\/refugi-de-la-font-gran-benissanet-turisme-ribera-debre-4-03-1024x764.jpg 1024w, https:\/\/hostallacreu.com\/wp-content\/uploads\/2014\/11\/refugi-de-la-font-gran-benissanet-turisme-ribera-debre-4-03-624x465.jpg 624w\" sizes=\"auto, (max-width: 467px) 100vw, 467px\" \/><\/p>\n<p>Actualmente, el refugio de la Fuente Grande, que ha sido recuperado para el disfrute tur\u00edstico, se convierte en una propuesta muy atractiva para entender la Batalla del Ebro pero tambi\u00e9n, como lugar de visita complementaria en Miravet y su castillo, por su proximidad. Adem\u00e1s, dentro del refugio encontramos una exposici\u00f3n de esculturas de un autor barcelon\u00e9s hechas con restos de metralla, una exposici\u00f3n de fotograf\u00edas de la Batalla del Ebro en la Ribera de Ebro y se proyecta un audiovisual.<\/p>\n<p><img loading=\"lazy\" decoding=\"async\" class=\"wp-image-278 aligncenter\" src=\"https:\/\/hostallacreu.com\/wp-content\/uploads\/2014\/11\/refugi-de-la-font-gran-benissanet-turisme-ribera-debre-6-01.jpg\" alt=\"refugi-de-la-font-gran-benissanet-turisme-ribera-debre-6-01\" width=\"524\" height=\"240\" srcset=\"https:\/\/hostallacreu.com\/wp-content\/uploads\/2014\/11\/refugi-de-la-font-gran-benissanet-turisme-ribera-debre-6-01.jpg 1773w, https:\/\/hostallacreu.com\/wp-content\/uploads\/2014\/11\/refugi-de-la-font-gran-benissanet-turisme-ribera-debre-6-01-300x137.jpg 300w, https:\/\/hostallacreu.com\/wp-content\/uploads\/2014\/11\/refugi-de-la-font-gran-benissanet-turisme-ribera-debre-6-01-1024x468.jpg 1024w, https:\/\/hostallacreu.com\/wp-content\/uploads\/2014\/11\/refugi-de-la-font-gran-benissanet-turisme-ribera-debre-6-01-624x285.jpg 624w\" sizes=\"auto, (max-width: 524px) 100vw, 524px\" \/><\/p>\n<p><strong>La visita al refugio debe hacerse con reserva previa poni\u00e9ndose en contacto a trav\u00e9s de los siguientes tel\u00e9fonos: 977 40 79 15\/977 40 70 05.<\/strong><\/p>\n<p>Los horarios de la vista concertada son los siguientes:<\/p>\n<p>Lunes de 9.00h a 13.30h.<\/p>\n<p>Martes de 9.00h a 13.00h, y de 16.30h a 18.30h.<\/p>\n<p>Mi\u00e9rcoles de 9.00h a 13.00h y de 16.30h a 18.30h.<\/p>\n<p>Jueves de 9.00h a 13.00h, y de 16.30h a 18.30h.<\/p>\n<p>Viernes de 9.00h a 13.00h.<\/p>\n<p>S\u00e1bado de 10.00h a 13.00h.<\/p>\n<p>Durante el mes de agosto el horario de visita es de lunes a s\u00e1bado de 9h a 13h, por las tardes permanece cerrado.<\/p>\n<p>El \u00faltimo s\u00e1bado de cada mes, el refugio tambi\u00e9n se cerrado.<\/p>\n<p>El precio de la visita es de 2 \u20ac por persona siempre que sea dentro del horario, si se fuera de horario se deber\u00e1 abonar el precio de la visita guiada.<\/p>\n","protected":false},"excerpt":{"rendered":"<p>Benissanet, como muchos otros pueblos ribere\u00f1os se convirti\u00f3 en un punto estrat\u00e9gico durante la Batalla del Ebro, como lugar de concentraci\u00f3n de tropas y alimentos que iban al frente, as\u00ed como para la evacuaci\u00f3n de los heridos. Hace pocos a\u00f1os se descubri\u00f3 un tesoro b\u00e9lico enterrado bajo los pies de la poblaci\u00f3n, se trata del [&hellip;]<\/p>\n","protected":false},"author":3,"featured_media":277,"parent":494,"menu_order":0,"comment_status":"closed","ping_status":"closed","template":"","meta":{"_monsterinsights_skip_tracking":false,"_monsterinsights_sitenote_active":false,"_monsterinsights_sitenote_note":"","_monsterinsights_sitenote_category":0,"footnotes":""},"class_list":["post-527","page","type-page","status-publish","has-post-thumbnail","hentry"],"yoast_head":"<!-- This site is optimized with the Yoast SEO plugin v26.2 - https:\/\/yoast.com\/wordpress\/plugins\/seo\/ -->\n<title>Refugio de la Font Gran - Hostal Gastron\u00f2mic La Creu<\/title>\n<meta name=\"robots\" content=\"index, follow, max-snippet:-1, max-image-preview:large, max-video-preview:-1\" \/>\n<link rel=\"canonical\" href=\"https:\/\/hostallacreu.com\/es\/entorno\/batalla-del-ebro\/refugio-de-la-font-gran\/\" \/>\n<meta property=\"og:locale\" content=\"es_ES\" \/>\n<meta property=\"og:type\" content=\"article\" \/>\n<meta property=\"og:title\" content=\"Refugio de la Font Gran - Hostal Gastron\u00f2mic La Creu\" \/>\n<meta property=\"og:description\" content=\"Benissanet, como muchos otros pueblos ribere\u00f1os se convirti\u00f3 en un punto estrat\u00e9gico durante la Batalla del Ebro, como lugar de concentraci\u00f3n de tropas y alimentos que iban al frente, as\u00ed como para la evacuaci\u00f3n de los heridos. Hace pocos a\u00f1os se descubri\u00f3 un tesoro b\u00e9lico enterrado bajo los pies de la poblaci\u00f3n, se trata del [&hellip;]\" \/>\n<meta property=\"og:url\" content=\"https:\/\/hostallacreu.com\/es\/entorno\/batalla-del-ebro\/refugio-de-la-font-gran\/\" \/>\n<meta property=\"og:site_name\" content=\"Hostal Gastron\u00f2mic La Creu\" \/>\n<meta property=\"og:image\" content=\"https:\/\/hostallacreu.com\/wp-content\/uploads\/2014\/11\/refugi-de-la-font-gran-benissanet-turisme-ribera-debre-4-03-01.jpg\" \/>\n\t<meta property=\"og:image:width\" content=\"2588\" \/>\n\t<meta property=\"og:image:height\" content=\"877\" \/>\n\t<meta property=\"og:image:type\" content=\"image\/jpeg\" \/>\n<meta name=\"twitter:label1\" content=\"Tiempo de lectura\" \/>\n\t<meta name=\"twitter:data1\" content=\"2 minutos\" \/>\n<script type=\"application\/ld+json\" class=\"yoast-schema-graph\">{\"@context\":\"https:\/\/schema.org\",\"@graph\":[{\"@type\":\"WebPage\",\"@id\":\"https:\/\/hostallacreu.com\/es\/entorno\/batalla-del-ebro\/refugio-de-la-font-gran\/\",\"url\":\"https:\/\/hostallacreu.com\/es\/entorno\/batalla-del-ebro\/refugio-de-la-font-gran\/\",\"name\":\"Refugio de la Font Gran - Hostal Gastron\u00f2mic La Creu\",\"isPartOf\":{\"@id\":\"https:\/\/hostallacreu.com\/#website\"},\"primaryImageOfPage\":{\"@id\":\"https:\/\/hostallacreu.com\/es\/entorno\/batalla-del-ebro\/refugio-de-la-font-gran\/#primaryimage\"},\"image\":{\"@id\":\"https:\/\/hostallacreu.com\/es\/entorno\/batalla-del-ebro\/refugio-de-la-font-gran\/#primaryimage\"},\"thumbnailUrl\":\"https:\/\/hostallacreu.com\/wp-content\/uploads\/2014\/11\/refugi-de-la-font-gran-benissanet-turisme-ribera-debre-4-03-01.jpg\",\"datePublished\":\"2014-11-25T15:16:49+00:00\",\"breadcrumb\":{\"@id\":\"https:\/\/hostallacreu.com\/es\/entorno\/batalla-del-ebro\/refugio-de-la-font-gran\/#breadcrumb\"},\"inLanguage\":\"es\",\"potentialAction\":[{\"@type\":\"ReadAction\",\"target\":[\"https:\/\/hostallacreu.com\/es\/entorno\/batalla-del-ebro\/refugio-de-la-font-gran\/\"]}]},{\"@type\":\"ImageObject\",\"inLanguage\":\"es\",\"@id\":\"https:\/\/hostallacreu.com\/es\/entorno\/batalla-del-ebro\/refugio-de-la-font-gran\/#primaryimage\",\"url\":\"https:\/\/hostallacreu.com\/wp-content\/uploads\/2014\/11\/refugi-de-la-font-gran-benissanet-turisme-ribera-debre-4-03-01.jpg\",\"contentUrl\":\"https:\/\/hostallacreu.com\/wp-content\/uploads\/2014\/11\/refugi-de-la-font-gran-benissanet-turisme-ribera-debre-4-03-01.jpg\",\"width\":2588,\"height\":877},{\"@type\":\"BreadcrumbList\",\"@id\":\"https:\/\/hostallacreu.com\/es\/entorno\/batalla-del-ebro\/refugio-de-la-font-gran\/#breadcrumb\",\"itemListElement\":[{\"@type\":\"ListItem\",\"position\":1,\"name\":\"Home\",\"item\":\"https:\/\/hostallacreu.com\/es\/\"},{\"@type\":\"ListItem\",\"position\":2,\"name\":\"Entorno\",\"item\":\"https:\/\/hostallacreu.com\/es\/entorno\/\"},{\"@type\":\"ListItem\",\"position\":3,\"name\":\"Batalla del Ebro\",\"item\":\"https:\/\/hostallacreu.com\/es\/entorno\/batalla-del-ebro\/\"},{\"@type\":\"ListItem\",\"position\":4,\"name\":\"Refugio de la Font Gran\"}]},{\"@type\":\"WebSite\",\"@id\":\"https:\/\/hostallacreu.com\/#website\",\"url\":\"https:\/\/hostallacreu.com\/\",\"name\":\"Hostal Gastron\u00f2mic La Creu\",\"description\":\"El teu allotjament i restaurant a la Ribera d&#039;Ebre\",\"potentialAction\":[{\"@type\":\"SearchAction\",\"target\":{\"@type\":\"EntryPoint\",\"urlTemplate\":\"https:\/\/hostallacreu.com\/?s={search_term_string}\"},\"query-input\":{\"@type\":\"PropertyValueSpecification\",\"valueRequired\":true,\"valueName\":\"search_term_string\"}}],\"inLanguage\":\"es\"}]}<\/script>\n<!-- \/ Yoast SEO plugin. -->","yoast_head_json":{"title":"Refugio de la Font Gran - Hostal Gastron\u00f2mic La Creu","robots":{"index":"index","follow":"follow","max-snippet":"max-snippet:-1","max-image-preview":"max-image-preview:large","max-video-preview":"max-video-preview:-1"},"canonical":"https:\/\/hostallacreu.com\/es\/entorno\/batalla-del-ebro\/refugio-de-la-font-gran\/","og_locale":"es_ES","og_type":"article","og_title":"Refugio de la Font Gran - Hostal Gastron\u00f2mic La Creu","og_description":"Benissanet, como muchos otros pueblos ribere\u00f1os se convirti\u00f3 en un punto estrat\u00e9gico durante la Batalla del Ebro, como lugar de concentraci\u00f3n de tropas y alimentos que iban al frente, as\u00ed como para la evacuaci\u00f3n de los heridos. Hace pocos a\u00f1os se descubri\u00f3 un tesoro b\u00e9lico enterrado bajo los pies de la poblaci\u00f3n, se trata del [&hellip;]","og_url":"https:\/\/hostallacreu.com\/es\/entorno\/batalla-del-ebro\/refugio-de-la-font-gran\/","og_site_name":"Hostal Gastron\u00f2mic La Creu","og_image":[{"width":2588,"height":877,"url":"https:\/\/hostallacreu.com\/wp-content\/uploads\/2014\/11\/refugi-de-la-font-gran-benissanet-turisme-ribera-debre-4-03-01.jpg","type":"image\/jpeg"}],"twitter_misc":{"Tiempo de lectura":"2 minutos"},"schema":{"@context":"https:\/\/schema.org","@graph":[{"@type":"WebPage","@id":"https:\/\/hostallacreu.com\/es\/entorno\/batalla-del-ebro\/refugio-de-la-font-gran\/","url":"https:\/\/hostallacreu.com\/es\/entorno\/batalla-del-ebro\/refugio-de-la-font-gran\/","name":"Refugio de la Font Gran - Hostal Gastron\u00f2mic La Creu","isPartOf":{"@id":"https:\/\/hostallacreu.com\/#website"},"primaryImageOfPage":{"@id":"https:\/\/hostallacreu.com\/es\/entorno\/batalla-del-ebro\/refugio-de-la-font-gran\/#primaryimage"},"image":{"@id":"https:\/\/hostallacreu.com\/es\/entorno\/batalla-del-ebro\/refugio-de-la-font-gran\/#primaryimage"},"thumbnailUrl":"https:\/\/hostallacreu.com\/wp-content\/uploads\/2014\/11\/refugi-de-la-font-gran-benissanet-turisme-ribera-debre-4-03-01.jpg","datePublished":"2014-11-25T15:16:49+00:00","breadcrumb":{"@id":"https:\/\/hostallacreu.com\/es\/entorno\/batalla-del-ebro\/refugio-de-la-font-gran\/#breadcrumb"},"inLanguage":"es","potentialAction":[{"@type":"ReadAction","target":["https:\/\/hostallacreu.com\/es\/entorno\/batalla-del-ebro\/refugio-de-la-font-gran\/"]}]},{"@type":"ImageObject","inLanguage":"es","@id":"https:\/\/hostallacreu.com\/es\/entorno\/batalla-del-ebro\/refugio-de-la-font-gran\/#primaryimage","url":"https:\/\/hostallacreu.com\/wp-content\/uploads\/2014\/11\/refugi-de-la-font-gran-benissanet-turisme-ribera-debre-4-03-01.jpg","contentUrl":"https:\/\/hostallacreu.com\/wp-content\/uploads\/2014\/11\/refugi-de-la-font-gran-benissanet-turisme-ribera-debre-4-03-01.jpg","width":2588,"height":877},{"@type":"BreadcrumbList","@id":"https:\/\/hostallacreu.com\/es\/entorno\/batalla-del-ebro\/refugio-de-la-font-gran\/#breadcrumb","itemListElement":[{"@type":"ListItem","position":1,"name":"Home","item":"https:\/\/hostallacreu.com\/es\/"},{"@type":"ListItem","position":2,"name":"Entorno","item":"https:\/\/hostallacreu.com\/es\/entorno\/"},{"@type":"ListItem","position":3,"name":"Batalla del Ebro","item":"https:\/\/hostallacreu.com\/es\/entorno\/batalla-del-ebro\/"},{"@type":"ListItem","position":4,"name":"Refugio de la Font Gran"}]},{"@type":"WebSite","@id":"https:\/\/hostallacreu.com\/#website","url":"https:\/\/hostallacreu.com\/","name":"Hostal Gastron\u00f2mic La Creu","description":"El teu allotjament i restaurant a la Ribera d&#039;Ebre","potentialAction":[{"@type":"SearchAction","target":{"@type":"EntryPoint","urlTemplate":"https:\/\/hostallacreu.com\/?s={search_term_string}"},"query-input":{"@type":"PropertyValueSpecification","valueRequired":true,"valueName":"search_term_string"}}],"inLanguage":"es"}]}},"_links":{"self":[{"href":"https:\/\/hostallacreu.com\/es\/wp-json\/wp\/v2\/pages\/527","targetHints":{"allow":["GET"]}}],"collection":[{"href":"https:\/\/hostallacreu.com\/es\/wp-json\/wp\/v2\/pages"}],"about":[{"href":"https:\/\/hostallacreu.com\/es\/wp-json\/wp\/v2\/types\/page"}],"author":[{"embeddable":true,"href":"https:\/\/hostallacreu.com\/es\/wp-json\/wp\/v2\/users\/3"}],"replies":[{"embeddable":true,"href":"https:\/\/hostallacreu.com\/es\/wp-json\/wp\/v2\/comments?post=527"}],"version-history":[{"count":1,"href":"https:\/\/hostallacreu.com\/es\/wp-json\/wp\/v2\/pages\/527\/revisions"}],"predecessor-version":[{"id":528,"href":"https:\/\/hostallacreu.com\/es\/wp-json\/wp\/v2\/pages\/527\/revisions\/528"}],"up":[{"embeddable":true,"href":"https:\/\/hostallacreu.com\/es\/wp-json\/wp\/v2\/pages\/494"}],"wp:featuredmedia":[{"embeddable":true,"href":"https:\/\/hostallacreu.com\/es\/wp-json\/wp\/v2\/media\/277"}],"wp:attachment":[{"href":"https:\/\/hostallacreu.com\/es\/wp-json\/wp\/v2\/media?parent=527"}],"curies":[{"name":"wp","href":"https:\/\/api.w.org\/{rel}","templated":true}]}}