{"id":522,"date":"2014-11-25T15:12:37","date_gmt":"2014-11-25T15:12:37","guid":{"rendered":"http:\/\/hostallacreu.com\/?page_id=522"},"modified":"2014-11-25T15:12:37","modified_gmt":"2014-11-25T15:12:37","slug":"castellet-de-banyoles","status":"publish","type":"page","link":"https:\/\/hostallacreu.com\/es\/entorno\/lugares-de-interes\/castellet-de-banyoles\/","title":{"rendered":"Castellet de Banyoles"},"content":{"rendered":"<h1>El paso de la cultura ib\u00e9rica, entre el siglo VI aC y el siglo I aC, ha dejado un legado patrimonial muy importante en las Tierras del Ebro.<\/h1>\n<p>El territori va ser ocupat per diferents tribus, entre les quals en destaca els Ilercavons, una de les cultures ib\u00e8riques que va ser m\u00e9s din\u00e0mica gr\u00e0cies a la seva privilegiada situaci\u00f3 geogr\u00e0fica, a prop del riu Ebre, una via fluvial molt important.<\/p>\n<p><img loading=\"lazy\" decoding=\"async\" class=\"alignright  wp-image-269\" src=\"https:\/\/hostallacreu.com\/wp-content\/uploads\/2014\/11\/poblat-iberic-castellet-banyoles-tivissa-tarragona-ilercavons-turisme-terres-de-lebre-01-01.jpg\" alt=\"poblat-iberic-castellet-banyoles-tivissa-tarragona-ilercavons-turisme-terres-de-lebre-01-01\" width=\"478\" height=\"258\" srcset=\"https:\/\/hostallacreu.com\/wp-content\/uploads\/2014\/11\/poblat-iberic-castellet-banyoles-tivissa-tarragona-ilercavons-turisme-terres-de-lebre-01-01.jpg 2017w, https:\/\/hostallacreu.com\/wp-content\/uploads\/2014\/11\/poblat-iberic-castellet-banyoles-tivissa-tarragona-ilercavons-turisme-terres-de-lebre-01-01-300x161.jpg 300w, https:\/\/hostallacreu.com\/wp-content\/uploads\/2014\/11\/poblat-iberic-castellet-banyoles-tivissa-tarragona-ilercavons-turisme-terres-de-lebre-01-01-1024x552.jpg 1024w, https:\/\/hostallacreu.com\/wp-content\/uploads\/2014\/11\/poblat-iberic-castellet-banyoles-tivissa-tarragona-ilercavons-turisme-terres-de-lebre-01-01-624x336.jpg 624w\" sizes=\"auto, (max-width: 478px) 100vw, 478px\" \/><\/p>\n<p>Entre el conjunto de yacimientos \u00edberos de la Tarragona destaca elCastellet de Banyoles en Tivissa.<\/p>\n<p>Se trata de una ciudad ib\u00e9rica, situada a 6 km de Tivissa, es uno de los yacimientos ib\u00e9ricos m\u00e1s importantes de Catalu\u00f1a y tambi\u00e9n lo deb\u00eda ser en su \u00e9poca. Ocupa un posici\u00f3n estrat\u00e9gica inmejorable, en el extremo de una meseta que domina visualmente el curso del r\u00edo Ebro y la cubeta de M\u00f3ra. Por sus dimensiones se cree que ejerci\u00f3 como capital de la Ilercav\u00f2nia. Sin embargo, los hallazgos en el yacimiento hacen pensar en la posibilidad de que albergara un santuario o lugar de culto en el interior del poblado.<\/p>\n<p><a href=\"https:\/\/hostallacreu.com\/wp-content\/uploads\/2014\/11\/poblat-iberic-castellet-banyoles-tivissa-tarragona-ilercavons-turisme-terres-de-lebre-01-011-01.jpg\"><img loading=\"lazy\" decoding=\"async\" class=\"wp-image-270 alignleft\" src=\"https:\/\/hostallacreu.com\/wp-content\/uploads\/2014\/11\/poblat-iberic-castellet-banyoles-tivissa-tarragona-ilercavons-turisme-terres-de-lebre-01-011-01.jpg\" alt=\"poblat-iberic-castellet-banyoles-tivissa-tarragona-ilercavons-turisme-terres-de-lebre-01-011-01\" width=\"443\" height=\"239\" srcset=\"https:\/\/hostallacreu.com\/wp-content\/uploads\/2014\/11\/poblat-iberic-castellet-banyoles-tivissa-tarragona-ilercavons-turisme-terres-de-lebre-01-011-01.jpg 2017w, https:\/\/hostallacreu.com\/wp-content\/uploads\/2014\/11\/poblat-iberic-castellet-banyoles-tivissa-tarragona-ilercavons-turisme-terres-de-lebre-01-011-01-300x161.jpg 300w, https:\/\/hostallacreu.com\/wp-content\/uploads\/2014\/11\/poblat-iberic-castellet-banyoles-tivissa-tarragona-ilercavons-turisme-terres-de-lebre-01-011-01-1024x552.jpg 1024w, https:\/\/hostallacreu.com\/wp-content\/uploads\/2014\/11\/poblat-iberic-castellet-banyoles-tivissa-tarragona-ilercavons-turisme-terres-de-lebre-01-011-01-624x336.jpg 624w\" sizes=\"auto, (max-width: 443px) 100vw, 443px\" \/><\/a><\/p>\n<p>Las primeras intervenciones del yacimiento se llevan a cabo a ra\u00edz del descubrimiento del llamado tesoro de Tivissa formado por cuatro pateras, once vasos y un brazalete, todo de plata, que forman un conjunto de piezas votivas ib\u00e9ricas, fechadas en el siglo III aC, \u00fanicas en Catalu\u00f1a.<\/p>\n<p>Actualmente el yacimiento se encuentra en excavaci\u00f3n, sin embargo, permite visitarlo y entender la distribuci\u00f3n de los diferentes puntos de viviendas de manera libre y gratuita. Le recomendamos que vaya hasta el final del poblado para divisar las fant\u00e1sticas vistas panor\u00e1micas que ofrece el lugar.<\/p>\n<p style=\"text-align: center;\"><a href=\"https:\/\/hostallacreu.com\/wp-content\/uploads\/2014\/11\/poblat-iberic-castellet-banyoles-tivissa-tarragona-ilercavons-turisme-terres-de-lebre-01-011-012-01.jpg\"><img loading=\"lazy\" decoding=\"async\" class=\"wp-image-271\" src=\"https:\/\/hostallacreu.com\/wp-content\/uploads\/2014\/11\/poblat-iberic-castellet-banyoles-tivissa-tarragona-ilercavons-turisme-terres-de-lebre-01-011-012-01.jpg\" alt=\"poblat-iberic-castellet-banyoles-tivissa-tarragona-ilercavons-turisme-terres-de-lebre-01-011-012-01\" width=\"560\" height=\"302\" srcset=\"https:\/\/hostallacreu.com\/wp-content\/uploads\/2014\/11\/poblat-iberic-castellet-banyoles-tivissa-tarragona-ilercavons-turisme-terres-de-lebre-01-011-012-01.jpg 2017w, https:\/\/hostallacreu.com\/wp-content\/uploads\/2014\/11\/poblat-iberic-castellet-banyoles-tivissa-tarragona-ilercavons-turisme-terres-de-lebre-01-011-012-01-300x161.jpg 300w, https:\/\/hostallacreu.com\/wp-content\/uploads\/2014\/11\/poblat-iberic-castellet-banyoles-tivissa-tarragona-ilercavons-turisme-terres-de-lebre-01-011-012-01-1024x552.jpg 1024w, https:\/\/hostallacreu.com\/wp-content\/uploads\/2014\/11\/poblat-iberic-castellet-banyoles-tivissa-tarragona-ilercavons-turisme-terres-de-lebre-01-011-012-01-624x336.jpg 624w\" sizes=\"auto, (max-width: 560px) 100vw, 560px\" \/><\/a><\/p>\n","protected":false},"excerpt":{"rendered":"<p>El paso de la cultura ib\u00e9rica, entre el siglo VI aC y el siglo I aC, ha dejado un legado patrimonial muy importante en las Tierras del Ebro. El territori va ser ocupat per diferents tribus, entre les quals en destaca els Ilercavons, una de les cultures ib\u00e8riques que va ser m\u00e9s din\u00e0mica gr\u00e0cies a [&hellip;]<\/p>\n","protected":false},"author":3,"featured_media":272,"parent":490,"menu_order":0,"comment_status":"closed","ping_status":"closed","template":"","meta":{"_monsterinsights_skip_tracking":false,"_monsterinsights_sitenote_active":false,"_monsterinsights_sitenote_note":"","_monsterinsights_sitenote_category":0,"footnotes":""},"class_list":["post-522","page","type-page","status-publish","has-post-thumbnail","hentry"],"yoast_head":"<!-- This site is optimized with the Yoast SEO plugin v26.2 - https:\/\/yoast.com\/wordpress\/plugins\/seo\/ -->\n<title>Castellet de Banyoles - Hostal Gastron\u00f2mic La Creu<\/title>\n<meta name=\"robots\" content=\"index, follow, max-snippet:-1, max-image-preview:large, max-video-preview:-1\" \/>\n<link rel=\"canonical\" href=\"http:\/\/hostallacreu.com\/es\/entorno\/lugares-de-interes\/castellet-de-banyoles\/\" \/>\n<meta property=\"og:locale\" content=\"es_ES\" \/>\n<meta property=\"og:type\" content=\"article\" \/>\n<meta property=\"og:title\" content=\"Castellet de Banyoles - Hostal Gastron\u00f2mic La Creu\" \/>\n<meta property=\"og:description\" content=\"El paso de la cultura ib\u00e9rica, entre el siglo VI aC y el siglo I aC, ha dejado un legado patrimonial muy importante en las Tierras del Ebro. El territori va ser ocupat per diferents tribus, entre les quals en destaca els Ilercavons, una de les cultures ib\u00e8riques que va ser m\u00e9s din\u00e0mica gr\u00e0cies a [&hellip;]\" \/>\n<meta property=\"og:url\" content=\"http:\/\/hostallacreu.com\/es\/entorno\/lugares-de-interes\/castellet-de-banyoles\/\" \/>\n<meta property=\"og:site_name\" content=\"Hostal Gastron\u00f2mic La Creu\" \/>\n<meta property=\"og:image\" content=\"http:\/\/hostallacreu.com\/wp-content\/uploads\/2014\/11\/castellet-de-banyoles-tivissa-ribera-debre-01.jpg\" \/>\n\t<meta property=\"og:image:width\" content=\"2588\" \/>\n\t<meta property=\"og:image:height\" content=\"877\" \/>\n\t<meta property=\"og:image:type\" content=\"image\/jpeg\" \/>\n<meta name=\"twitter:label1\" content=\"Tiempo de lectura\" \/>\n\t<meta name=\"twitter:data1\" content=\"1 minuto\" \/>\n<script type=\"application\/ld+json\" class=\"yoast-schema-graph\">{\"@context\":\"https:\/\/schema.org\",\"@graph\":[{\"@type\":\"WebPage\",\"@id\":\"http:\/\/hostallacreu.com\/es\/entorno\/lugares-de-interes\/castellet-de-banyoles\/\",\"url\":\"http:\/\/hostallacreu.com\/es\/entorno\/lugares-de-interes\/castellet-de-banyoles\/\",\"name\":\"Castellet de Banyoles - Hostal Gastron\u00f2mic La Creu\",\"isPartOf\":{\"@id\":\"https:\/\/hostallacreu.com\/#website\"},\"primaryImageOfPage\":{\"@id\":\"http:\/\/hostallacreu.com\/es\/entorno\/lugares-de-interes\/castellet-de-banyoles\/#primaryimage\"},\"image\":{\"@id\":\"http:\/\/hostallacreu.com\/es\/entorno\/lugares-de-interes\/castellet-de-banyoles\/#primaryimage\"},\"thumbnailUrl\":\"https:\/\/hostallacreu.com\/wp-content\/uploads\/2014\/11\/castellet-de-banyoles-tivissa-ribera-debre-01.jpg\",\"datePublished\":\"2014-11-25T15:12:37+00:00\",\"breadcrumb\":{\"@id\":\"http:\/\/hostallacreu.com\/es\/entorno\/lugares-de-interes\/castellet-de-banyoles\/#breadcrumb\"},\"inLanguage\":\"es\",\"potentialAction\":[{\"@type\":\"ReadAction\",\"target\":[\"http:\/\/hostallacreu.com\/es\/entorno\/lugares-de-interes\/castellet-de-banyoles\/\"]}]},{\"@type\":\"ImageObject\",\"inLanguage\":\"es\",\"@id\":\"http:\/\/hostallacreu.com\/es\/entorno\/lugares-de-interes\/castellet-de-banyoles\/#primaryimage\",\"url\":\"https:\/\/hostallacreu.com\/wp-content\/uploads\/2014\/11\/castellet-de-banyoles-tivissa-ribera-debre-01.jpg\",\"contentUrl\":\"https:\/\/hostallacreu.com\/wp-content\/uploads\/2014\/11\/castellet-de-banyoles-tivissa-ribera-debre-01.jpg\",\"width\":2588,\"height\":877},{\"@type\":\"BreadcrumbList\",\"@id\":\"http:\/\/hostallacreu.com\/es\/entorno\/lugares-de-interes\/castellet-de-banyoles\/#breadcrumb\",\"itemListElement\":[{\"@type\":\"ListItem\",\"position\":1,\"name\":\"Home\",\"item\":\"https:\/\/hostallacreu.com\/es\/\"},{\"@type\":\"ListItem\",\"position\":2,\"name\":\"Entorno\",\"item\":\"https:\/\/hostallacreu.com\/es\/entorno\/\"},{\"@type\":\"ListItem\",\"position\":3,\"name\":\"Lugares de inter\u00e9s\",\"item\":\"https:\/\/hostallacreu.com\/es\/entorno\/lugares-de-interes\/\"},{\"@type\":\"ListItem\",\"position\":4,\"name\":\"Castellet de Banyoles\"}]},{\"@type\":\"WebSite\",\"@id\":\"https:\/\/hostallacreu.com\/#website\",\"url\":\"https:\/\/hostallacreu.com\/\",\"name\":\"Hostal Gastron\u00f2mic La Creu\",\"description\":\"El teu allotjament i restaurant a la Ribera d&#039;Ebre\",\"potentialAction\":[{\"@type\":\"SearchAction\",\"target\":{\"@type\":\"EntryPoint\",\"urlTemplate\":\"https:\/\/hostallacreu.com\/?s={search_term_string}\"},\"query-input\":{\"@type\":\"PropertyValueSpecification\",\"valueRequired\":true,\"valueName\":\"search_term_string\"}}],\"inLanguage\":\"es\"}]}<\/script>\n<!-- \/ Yoast SEO plugin. -->","yoast_head_json":{"title":"Castellet de Banyoles - Hostal Gastron\u00f2mic La Creu","robots":{"index":"index","follow":"follow","max-snippet":"max-snippet:-1","max-image-preview":"max-image-preview:large","max-video-preview":"max-video-preview:-1"},"canonical":"http:\/\/hostallacreu.com\/es\/entorno\/lugares-de-interes\/castellet-de-banyoles\/","og_locale":"es_ES","og_type":"article","og_title":"Castellet de Banyoles - Hostal Gastron\u00f2mic La Creu","og_description":"El paso de la cultura ib\u00e9rica, entre el siglo VI aC y el siglo I aC, ha dejado un legado patrimonial muy importante en las Tierras del Ebro. El territori va ser ocupat per diferents tribus, entre les quals en destaca els Ilercavons, una de les cultures ib\u00e8riques que va ser m\u00e9s din\u00e0mica gr\u00e0cies a [&hellip;]","og_url":"http:\/\/hostallacreu.com\/es\/entorno\/lugares-de-interes\/castellet-de-banyoles\/","og_site_name":"Hostal Gastron\u00f2mic La Creu","og_image":[{"width":2588,"height":877,"url":"http:\/\/hostallacreu.com\/wp-content\/uploads\/2014\/11\/castellet-de-banyoles-tivissa-ribera-debre-01.jpg","type":"image\/jpeg"}],"twitter_misc":{"Tiempo de lectura":"1 minuto"},"schema":{"@context":"https:\/\/schema.org","@graph":[{"@type":"WebPage","@id":"http:\/\/hostallacreu.com\/es\/entorno\/lugares-de-interes\/castellet-de-banyoles\/","url":"http:\/\/hostallacreu.com\/es\/entorno\/lugares-de-interes\/castellet-de-banyoles\/","name":"Castellet de Banyoles - Hostal Gastron\u00f2mic La Creu","isPartOf":{"@id":"https:\/\/hostallacreu.com\/#website"},"primaryImageOfPage":{"@id":"http:\/\/hostallacreu.com\/es\/entorno\/lugares-de-interes\/castellet-de-banyoles\/#primaryimage"},"image":{"@id":"http:\/\/hostallacreu.com\/es\/entorno\/lugares-de-interes\/castellet-de-banyoles\/#primaryimage"},"thumbnailUrl":"https:\/\/hostallacreu.com\/wp-content\/uploads\/2014\/11\/castellet-de-banyoles-tivissa-ribera-debre-01.jpg","datePublished":"2014-11-25T15:12:37+00:00","breadcrumb":{"@id":"http:\/\/hostallacreu.com\/es\/entorno\/lugares-de-interes\/castellet-de-banyoles\/#breadcrumb"},"inLanguage":"es","potentialAction":[{"@type":"ReadAction","target":["http:\/\/hostallacreu.com\/es\/entorno\/lugares-de-interes\/castellet-de-banyoles\/"]}]},{"@type":"ImageObject","inLanguage":"es","@id":"http:\/\/hostallacreu.com\/es\/entorno\/lugares-de-interes\/castellet-de-banyoles\/#primaryimage","url":"https:\/\/hostallacreu.com\/wp-content\/uploads\/2014\/11\/castellet-de-banyoles-tivissa-ribera-debre-01.jpg","contentUrl":"https:\/\/hostallacreu.com\/wp-content\/uploads\/2014\/11\/castellet-de-banyoles-tivissa-ribera-debre-01.jpg","width":2588,"height":877},{"@type":"BreadcrumbList","@id":"http:\/\/hostallacreu.com\/es\/entorno\/lugares-de-interes\/castellet-de-banyoles\/#breadcrumb","itemListElement":[{"@type":"ListItem","position":1,"name":"Home","item":"https:\/\/hostallacreu.com\/es\/"},{"@type":"ListItem","position":2,"name":"Entorno","item":"https:\/\/hostallacreu.com\/es\/entorno\/"},{"@type":"ListItem","position":3,"name":"Lugares de inter\u00e9s","item":"https:\/\/hostallacreu.com\/es\/entorno\/lugares-de-interes\/"},{"@type":"ListItem","position":4,"name":"Castellet de Banyoles"}]},{"@type":"WebSite","@id":"https:\/\/hostallacreu.com\/#website","url":"https:\/\/hostallacreu.com\/","name":"Hostal Gastron\u00f2mic La Creu","description":"El teu allotjament i restaurant a la Ribera d&#039;Ebre","potentialAction":[{"@type":"SearchAction","target":{"@type":"EntryPoint","urlTemplate":"https:\/\/hostallacreu.com\/?s={search_term_string}"},"query-input":{"@type":"PropertyValueSpecification","valueRequired":true,"valueName":"search_term_string"}}],"inLanguage":"es"}]}},"_links":{"self":[{"href":"https:\/\/hostallacreu.com\/es\/wp-json\/wp\/v2\/pages\/522","targetHints":{"allow":["GET"]}}],"collection":[{"href":"https:\/\/hostallacreu.com\/es\/wp-json\/wp\/v2\/pages"}],"about":[{"href":"https:\/\/hostallacreu.com\/es\/wp-json\/wp\/v2\/types\/page"}],"author":[{"embeddable":true,"href":"https:\/\/hostallacreu.com\/es\/wp-json\/wp\/v2\/users\/3"}],"replies":[{"embeddable":true,"href":"https:\/\/hostallacreu.com\/es\/wp-json\/wp\/v2\/comments?post=522"}],"version-history":[{"count":1,"href":"https:\/\/hostallacreu.com\/es\/wp-json\/wp\/v2\/pages\/522\/revisions"}],"predecessor-version":[{"id":523,"href":"https:\/\/hostallacreu.com\/es\/wp-json\/wp\/v2\/pages\/522\/revisions\/523"}],"up":[{"embeddable":true,"href":"https:\/\/hostallacreu.com\/es\/wp-json\/wp\/v2\/pages\/490"}],"wp:featuredmedia":[{"embeddable":true,"href":"https:\/\/hostallacreu.com\/es\/wp-json\/wp\/v2\/media\/272"}],"wp:attachment":[{"href":"https:\/\/hostallacreu.com\/es\/wp-json\/wp\/v2\/media?parent=522"}],"curies":[{"name":"wp","href":"https:\/\/api.w.org\/{rel}","templated":true}]}}