{"id":3177,"date":"2023-11-28T15:50:28","date_gmt":"2023-11-28T15:50:28","guid":{"rendered":"https:\/\/hostallacreu.com\/?page_id=3177"},"modified":"2023-11-28T15:50:29","modified_gmt":"2023-11-28T15:50:29","slug":"centre-del-ferrocarril","status":"publish","type":"page","link":"https:\/\/hostallacreu.com\/en\/entorn\/museus\/centre-del-ferrocarril\/","title":{"rendered":"Centre del Ferrocarril"},"content":{"rendered":"<h1><strong>Fins a finals del segle XX l\u2019estaci\u00f3 de M\u00f3ra fou una de les m\u00e9s importants de Catalunya. Descobreix el per qu\u00e8 al Centre d\u2019Interpretaci\u00f3 del Ferrocarril de M\u00f3ra la Nova.<\/strong><\/h1>\n<p><a href=\"https:\/\/hostallacreu.com\/wp-content\/uploads\/2014\/11\/centre-del-ferrocarril-mora-la-nova-4.jpg\"><img loading=\"lazy\" decoding=\"async\" class=\"alignright  wp-image-260\" src=\"https:\/\/hostallacreu.com\/wp-content\/uploads\/2014\/11\/centre-del-ferrocarril-mora-la-nova-4.jpg\" alt=\"centre del ferrocarril mora la nova 4\" width=\"484\" height=\"372\" srcset=\"https:\/\/hostallacreu.com\/wp-content\/uploads\/2014\/11\/centre-del-ferrocarril-mora-la-nova-4.jpg 960w, https:\/\/hostallacreu.com\/wp-content\/uploads\/2014\/11\/centre-del-ferrocarril-mora-la-nova-4-300x230.jpg 300w, https:\/\/hostallacreu.com\/wp-content\/uploads\/2014\/11\/centre-del-ferrocarril-mora-la-nova-4-624x479.jpg 624w\" sizes=\"auto, (max-width: 484px) 100vw, 484px\" \/><\/a><\/p>\n<p><strong>Ja a finals del segle XIX M\u00f3ra la Nova es reconeix com a estaci\u00f3 de primera categoria<\/strong>, gaudia d\u2019una situaci\u00f3 estrat\u00e8gica \u00fanica, ja que hi conflu\u00efa la l\u00ednia Reus \u2013 Saragossa i la l\u00ednia Lleida \u2013 Tortosa (eix de l\u2019Ebre). A m\u00e9s, era l\u2019\u00fanica estaci\u00f3 existent entre Reus i Saragossa.<\/p>\n<p><img loading=\"lazy\" decoding=\"async\" class=\"wp-image-258 alignleft\" src=\"https:\/\/hostallacreu.com\/wp-content\/uploads\/2014\/11\/centre-del-ferrocarril-mora-la-nova-2.jpg\" alt=\"centre del ferrocarril mora la nova 2\" width=\"450\" height=\"300\" srcset=\"https:\/\/hostallacreu.com\/wp-content\/uploads\/2014\/11\/centre-del-ferrocarril-mora-la-nova-2.jpg 960w, https:\/\/hostallacreu.com\/wp-content\/uploads\/2014\/11\/centre-del-ferrocarril-mora-la-nova-2-300x200.jpg 300w, https:\/\/hostallacreu.com\/wp-content\/uploads\/2014\/11\/centre-del-ferrocarril-mora-la-nova-2-624x416.jpg 624w\" sizes=\"auto, (max-width: 450px) 100vw, 450px\" \/>Durant la primera meitat del segle XIX a banda de ser la l\u00ednia principal de connexi\u00f3 dels directes amb la resta de l\u2019estat, l\u2019estaci\u00f3 de M\u00f3ra esdev\u00e9 punt de relleu de locomotores per ser equidistant de Barcelona i Saragossa, es per aix\u00f2 que <strong>s\u2019hi va instal\u00b7lar el dip\u00f2sit de locomotores i el taller de mitjana intervenci\u00f3<\/strong>, els quals generaren des d\u2019aleshores una intensa activitat. Amb els anys la tecnificaci\u00f3, la modernitzaci\u00f3 i l\u2019adaptaci\u00f3 a les necessitats del sector ferroviari foren constants, com tamb\u00e9 el n\u00famero de persones que hi treballaven i l\u2019engrandiment de les seves instal\u00b7lacions, arribant al seu <strong>punt m\u00e9s \u00e0lgid als anys 50 del segle XX quan generava ocupaci\u00f3 per a 1.000 persones<\/strong>.<\/p>\n<p><a href=\"https:\/\/hostallacreu.com\/wp-content\/uploads\/2014\/11\/centre-del-ferrocarril-mora-la-nova.jpg\"><img loading=\"lazy\" decoding=\"async\" class=\"alignright  wp-image-261\" src=\"https:\/\/hostallacreu.com\/wp-content\/uploads\/2014\/11\/centre-del-ferrocarril-mora-la-nova.jpg\" alt=\"centre del ferrocarril mora la nova\" width=\"477\" height=\"318\" srcset=\"https:\/\/hostallacreu.com\/wp-content\/uploads\/2014\/11\/centre-del-ferrocarril-mora-la-nova.jpg 960w, https:\/\/hostallacreu.com\/wp-content\/uploads\/2014\/11\/centre-del-ferrocarril-mora-la-nova-300x200.jpg 300w, https:\/\/hostallacreu.com\/wp-content\/uploads\/2014\/11\/centre-del-ferrocarril-mora-la-nova-624x416.jpg 624w\" sizes=\"auto, (max-width: 477px) 100vw, 477px\" \/><\/a><\/p>\n<p><strong>L\u2019arribada de l\u2019electricitat a la totalitat de la l\u00ednia inici\u00e0 el declivi i la desaparici\u00f3 de l\u2019activitat ferrovi\u00e0ria a M\u00f3ra<\/strong>. Quan el 1981 entr\u00e0 en servei l\u2019electrificaci\u00f3 de M\u00f3ra a Saragossa es tanc\u00e0 el dip\u00f2sit i es retiraren les locomotores di\u00e8sel. Amb l\u2019electricitat els trens ja no havien de canviar de m\u00e0quina ni fer maniobres de classificaci\u00f3. <strong>L\u2019estaci\u00f3 de M\u00f3ra deixava de ser funcional i estrat\u00e8gica<\/strong>.<\/p>\n<p><a href=\"https:\/\/hostallacreu.com\/wp-content\/uploads\/2014\/11\/centre-del-ferrocarril-mora-la-nova-3.jpg\"><img loading=\"lazy\" decoding=\"async\" class=\"alignright  wp-image-259\" src=\"https:\/\/hostallacreu.com\/wp-content\/uploads\/2014\/11\/centre-del-ferrocarril-mora-la-nova-3.jpg\" alt=\"centre del ferrocarril mora la nova 3\" width=\"504\" height=\"336\" srcset=\"https:\/\/hostallacreu.com\/wp-content\/uploads\/2014\/11\/centre-del-ferrocarril-mora-la-nova-3.jpg 960w, https:\/\/hostallacreu.com\/wp-content\/uploads\/2014\/11\/centre-del-ferrocarril-mora-la-nova-3-300x200.jpg 300w, https:\/\/hostallacreu.com\/wp-content\/uploads\/2014\/11\/centre-del-ferrocarril-mora-la-nova-3-624x416.jpg 624w\" sizes=\"auto, (max-width: 504px) 100vw, 504px\" \/><\/a><\/p>\n<p>El conjunt arquitect\u00f2nic que ha deixat la intensa activitat ferrovi\u00e0ria a M\u00f3ra es notable, es per aix\u00f2, que l\u2019Associaci\u00f3 per a la preservaci\u00f3 del patrimoni Ferroviari i Industrial, treballa per a recuperar-lo i muse\u00eftzar-lo a trav\u00e9s d\u2019un projecte de <strong>Centre d\u2019Interpretaci\u00f3 del Ferrocarril.<\/strong> Actualment, ja s\u2019ha posat en valor l\u2019antic <strong>edifici d\u2019enclavaments<\/strong> de l\u2019estaci\u00f3. Aquest antic edifici, que fou constru\u00eft el 1928 per a controlar la circulaci\u00f3 dels trens, forma part del projecte de Centre d\u00b4Interpretaci\u00f3 del Ferrocarril, i es pot contemplar i <strong>experimentar a trav\u00e9s d&#8217;objectes, fotografies, pl\u00e0nols i un audiovisual, l\u2019evoluci\u00f3 dels sistemes de senyalitzaci\u00f3 i comunicaci\u00f3 ferrovi\u00e0ria al llarg de la hist\u00f2ria<\/strong>. A l\u00b4exterior de l\u00b4edifici es poden<strong> visitar el pont giratori i el taller de locomotores<\/strong>.<\/p>\n<p><a href=\"https:\/\/hostallacreu.com\/wp-content\/uploads\/2014\/11\/pont-giratori-centre-del-ferrocarril-de-mora-la-nova.jpg\"><img loading=\"lazy\" decoding=\"async\" class=\"wp-image-263 aligncenter\" src=\"https:\/\/hostallacreu.com\/wp-content\/uploads\/2014\/11\/pont-giratori-centre-del-ferrocarril-de-mora-la-nova.jpg\" alt=\"pont giratori centre del ferrocarril de mora la nova\" width=\"420\" height=\"280\" srcset=\"https:\/\/hostallacreu.com\/wp-content\/uploads\/2014\/11\/pont-giratori-centre-del-ferrocarril-de-mora-la-nova.jpg 960w, https:\/\/hostallacreu.com\/wp-content\/uploads\/2014\/11\/pont-giratori-centre-del-ferrocarril-de-mora-la-nova-300x200.jpg 300w, https:\/\/hostallacreu.com\/wp-content\/uploads\/2014\/11\/pont-giratori-centre-del-ferrocarril-de-mora-la-nova-624x416.jpg 624w\" sizes=\"auto, (max-width: 420px) 100vw, 420px\" \/><\/a><\/p>\n","protected":false},"excerpt":{"rendered":"<p>Fins a finals del segle XX l\u2019estaci\u00f3 de M\u00f3ra fou una de les m\u00e9s importants de Catalunya. Descobreix el per qu\u00e8 al Centre d\u2019Interpretaci\u00f3 del Ferrocarril de M\u00f3ra la Nova. Ja a finals del segle XIX M\u00f3ra la Nova es reconeix com a estaci\u00f3 de primera categoria, gaudia d\u2019una situaci\u00f3 estrat\u00e8gica \u00fanica, ja que hi [&hellip;]<\/p>\n","protected":false},"author":3,"featured_media":0,"parent":3176,"menu_order":0,"comment_status":"closed","ping_status":"closed","template":"","meta":{"_monsterinsights_skip_tracking":false,"_monsterinsights_sitenote_active":false,"_monsterinsights_sitenote_note":"","_monsterinsights_sitenote_category":0,"footnotes":""},"class_list":["post-3177","page","type-page","status-publish","hentry"],"yoast_head":"<!-- This site is optimized with the Yoast SEO plugin v26.2 - https:\/\/yoast.com\/wordpress\/plugins\/seo\/ -->\n<title>Centre del Ferrocarril - Hostal Gastron\u00f2mic La Creu<\/title>\n<meta name=\"robots\" content=\"index, follow, max-snippet:-1, max-image-preview:large, max-video-preview:-1\" \/>\n<link rel=\"canonical\" href=\"https:\/\/hostallacreu.com\/en\/entorn\/museus\/centre-del-ferrocarril\/\" \/>\n<meta property=\"og:locale\" content=\"en_US\" \/>\n<meta property=\"og:type\" content=\"article\" \/>\n<meta property=\"og:title\" content=\"Centre del Ferrocarril - Hostal Gastron\u00f2mic La Creu\" \/>\n<meta property=\"og:description\" content=\"Fins a finals del segle XX l\u2019estaci\u00f3 de M\u00f3ra fou una de les m\u00e9s importants de Catalunya. Descobreix el per qu\u00e8 al Centre d\u2019Interpretaci\u00f3 del Ferrocarril de M\u00f3ra la Nova. Ja a finals del segle XIX M\u00f3ra la Nova es reconeix com a estaci\u00f3 de primera categoria, gaudia d\u2019una situaci\u00f3 estrat\u00e8gica \u00fanica, ja que hi [&hellip;]\" \/>\n<meta property=\"og:url\" content=\"https:\/\/hostallacreu.com\/en\/entorn\/museus\/centre-del-ferrocarril\/\" \/>\n<meta property=\"og:site_name\" content=\"Hostal Gastron\u00f2mic La Creu\" \/>\n<meta property=\"article:modified_time\" content=\"2023-11-28T15:50:29+00:00\" \/>\n<meta property=\"og:image\" content=\"http:\/\/hostallacreu.com\/wp-content\/uploads\/2014\/11\/centre-del-ferrocarril-mora-la-nova-4.jpg\" \/>\n<meta name=\"twitter:label1\" content=\"Est. reading time\" \/>\n\t<meta name=\"twitter:data1\" content=\"4 minutes\" \/>\n<script type=\"application\/ld+json\" class=\"yoast-schema-graph\">{\"@context\":\"https:\/\/schema.org\",\"@graph\":[{\"@type\":\"WebPage\",\"@id\":\"https:\/\/hostallacreu.com\/en\/entorn\/museus\/centre-del-ferrocarril\/\",\"url\":\"https:\/\/hostallacreu.com\/en\/entorn\/museus\/centre-del-ferrocarril\/\",\"name\":\"Centre del Ferrocarril - Hostal Gastron\u00f2mic La Creu\",\"isPartOf\":{\"@id\":\"https:\/\/hostallacreu.com\/#website\"},\"primaryImageOfPage\":{\"@id\":\"https:\/\/hostallacreu.com\/en\/entorn\/museus\/centre-del-ferrocarril\/#primaryimage\"},\"image\":{\"@id\":\"https:\/\/hostallacreu.com\/en\/entorn\/museus\/centre-del-ferrocarril\/#primaryimage\"},\"thumbnailUrl\":\"http:\/\/hostallacreu.com\/wp-content\/uploads\/2014\/11\/centre-del-ferrocarril-mora-la-nova-4.jpg\",\"datePublished\":\"2023-11-28T15:50:28+00:00\",\"dateModified\":\"2023-11-28T15:50:29+00:00\",\"breadcrumb\":{\"@id\":\"https:\/\/hostallacreu.com\/en\/entorn\/museus\/centre-del-ferrocarril\/#breadcrumb\"},\"inLanguage\":\"en-US\",\"potentialAction\":[{\"@type\":\"ReadAction\",\"target\":[\"https:\/\/hostallacreu.com\/en\/entorn\/museus\/centre-del-ferrocarril\/\"]}]},{\"@type\":\"ImageObject\",\"inLanguage\":\"en-US\",\"@id\":\"https:\/\/hostallacreu.com\/en\/entorn\/museus\/centre-del-ferrocarril\/#primaryimage\",\"url\":\"http:\/\/hostallacreu.com\/wp-content\/uploads\/2014\/11\/centre-del-ferrocarril-mora-la-nova-4.jpg\",\"contentUrl\":\"http:\/\/hostallacreu.com\/wp-content\/uploads\/2014\/11\/centre-del-ferrocarril-mora-la-nova-4.jpg\"},{\"@type\":\"BreadcrumbList\",\"@id\":\"https:\/\/hostallacreu.com\/en\/entorn\/museus\/centre-del-ferrocarril\/#breadcrumb\",\"itemListElement\":[{\"@type\":\"ListItem\",\"position\":1,\"name\":\"Home\",\"item\":\"https:\/\/hostallacreu.com\/en\/\"},{\"@type\":\"ListItem\",\"position\":2,\"name\":\"Entorn\",\"item\":\"https:\/\/hostallacreu.com\/en\/entorn\/\"},{\"@type\":\"ListItem\",\"position\":3,\"name\":\"Museus\",\"item\":\"https:\/\/hostallacreu.com\/en\/entorn\/museus\/\"},{\"@type\":\"ListItem\",\"position\":4,\"name\":\"Centre del Ferrocarril\"}]},{\"@type\":\"WebSite\",\"@id\":\"https:\/\/hostallacreu.com\/#website\",\"url\":\"https:\/\/hostallacreu.com\/\",\"name\":\"Hostal Gastron\u00f2mic La Creu\",\"description\":\"El teu allotjament i restaurant a la Ribera d&#039;Ebre\",\"potentialAction\":[{\"@type\":\"SearchAction\",\"target\":{\"@type\":\"EntryPoint\",\"urlTemplate\":\"https:\/\/hostallacreu.com\/?s={search_term_string}\"},\"query-input\":{\"@type\":\"PropertyValueSpecification\",\"valueRequired\":true,\"valueName\":\"search_term_string\"}}],\"inLanguage\":\"en-US\"}]}<\/script>\n<!-- \/ Yoast SEO plugin. -->","yoast_head_json":{"title":"Centre del Ferrocarril - Hostal Gastron\u00f2mic La Creu","robots":{"index":"index","follow":"follow","max-snippet":"max-snippet:-1","max-image-preview":"max-image-preview:large","max-video-preview":"max-video-preview:-1"},"canonical":"https:\/\/hostallacreu.com\/en\/entorn\/museus\/centre-del-ferrocarril\/","og_locale":"en_US","og_type":"article","og_title":"Centre del Ferrocarril - Hostal Gastron\u00f2mic La Creu","og_description":"Fins a finals del segle XX l\u2019estaci\u00f3 de M\u00f3ra fou una de les m\u00e9s importants de Catalunya. Descobreix el per qu\u00e8 al Centre d\u2019Interpretaci\u00f3 del Ferrocarril de M\u00f3ra la Nova. Ja a finals del segle XIX M\u00f3ra la Nova es reconeix com a estaci\u00f3 de primera categoria, gaudia d\u2019una situaci\u00f3 estrat\u00e8gica \u00fanica, ja que hi [&hellip;]","og_url":"https:\/\/hostallacreu.com\/en\/entorn\/museus\/centre-del-ferrocarril\/","og_site_name":"Hostal Gastron\u00f2mic La Creu","article_modified_time":"2023-11-28T15:50:29+00:00","og_image":[{"url":"http:\/\/hostallacreu.com\/wp-content\/uploads\/2014\/11\/centre-del-ferrocarril-mora-la-nova-4.jpg","type":"","width":"","height":""}],"twitter_misc":{"Est. reading time":"4 minutes"},"schema":{"@context":"https:\/\/schema.org","@graph":[{"@type":"WebPage","@id":"https:\/\/hostallacreu.com\/en\/entorn\/museus\/centre-del-ferrocarril\/","url":"https:\/\/hostallacreu.com\/en\/entorn\/museus\/centre-del-ferrocarril\/","name":"Centre del Ferrocarril - Hostal Gastron\u00f2mic La Creu","isPartOf":{"@id":"https:\/\/hostallacreu.com\/#website"},"primaryImageOfPage":{"@id":"https:\/\/hostallacreu.com\/en\/entorn\/museus\/centre-del-ferrocarril\/#primaryimage"},"image":{"@id":"https:\/\/hostallacreu.com\/en\/entorn\/museus\/centre-del-ferrocarril\/#primaryimage"},"thumbnailUrl":"http:\/\/hostallacreu.com\/wp-content\/uploads\/2014\/11\/centre-del-ferrocarril-mora-la-nova-4.jpg","datePublished":"2023-11-28T15:50:28+00:00","dateModified":"2023-11-28T15:50:29+00:00","breadcrumb":{"@id":"https:\/\/hostallacreu.com\/en\/entorn\/museus\/centre-del-ferrocarril\/#breadcrumb"},"inLanguage":"en-US","potentialAction":[{"@type":"ReadAction","target":["https:\/\/hostallacreu.com\/en\/entorn\/museus\/centre-del-ferrocarril\/"]}]},{"@type":"ImageObject","inLanguage":"en-US","@id":"https:\/\/hostallacreu.com\/en\/entorn\/museus\/centre-del-ferrocarril\/#primaryimage","url":"http:\/\/hostallacreu.com\/wp-content\/uploads\/2014\/11\/centre-del-ferrocarril-mora-la-nova-4.jpg","contentUrl":"http:\/\/hostallacreu.com\/wp-content\/uploads\/2014\/11\/centre-del-ferrocarril-mora-la-nova-4.jpg"},{"@type":"BreadcrumbList","@id":"https:\/\/hostallacreu.com\/en\/entorn\/museus\/centre-del-ferrocarril\/#breadcrumb","itemListElement":[{"@type":"ListItem","position":1,"name":"Home","item":"https:\/\/hostallacreu.com\/en\/"},{"@type":"ListItem","position":2,"name":"Entorn","item":"https:\/\/hostallacreu.com\/en\/entorn\/"},{"@type":"ListItem","position":3,"name":"Museus","item":"https:\/\/hostallacreu.com\/en\/entorn\/museus\/"},{"@type":"ListItem","position":4,"name":"Centre del Ferrocarril"}]},{"@type":"WebSite","@id":"https:\/\/hostallacreu.com\/#website","url":"https:\/\/hostallacreu.com\/","name":"Hostal Gastron\u00f2mic La Creu","description":"El teu allotjament i restaurant a la Ribera d&#039;Ebre","potentialAction":[{"@type":"SearchAction","target":{"@type":"EntryPoint","urlTemplate":"https:\/\/hostallacreu.com\/?s={search_term_string}"},"query-input":{"@type":"PropertyValueSpecification","valueRequired":true,"valueName":"search_term_string"}}],"inLanguage":"en-US"}]}},"_links":{"self":[{"href":"https:\/\/hostallacreu.com\/en\/wp-json\/wp\/v2\/pages\/3177","targetHints":{"allow":["GET"]}}],"collection":[{"href":"https:\/\/hostallacreu.com\/en\/wp-json\/wp\/v2\/pages"}],"about":[{"href":"https:\/\/hostallacreu.com\/en\/wp-json\/wp\/v2\/types\/page"}],"author":[{"embeddable":true,"href":"https:\/\/hostallacreu.com\/en\/wp-json\/wp\/v2\/users\/3"}],"replies":[{"embeddable":true,"href":"https:\/\/hostallacreu.com\/en\/wp-json\/wp\/v2\/comments?post=3177"}],"version-history":[{"count":1,"href":"https:\/\/hostallacreu.com\/en\/wp-json\/wp\/v2\/pages\/3177\/revisions"}],"predecessor-version":[{"id":3178,"href":"https:\/\/hostallacreu.com\/en\/wp-json\/wp\/v2\/pages\/3177\/revisions\/3178"}],"up":[{"embeddable":true,"href":"https:\/\/hostallacreu.com\/en\/wp-json\/wp\/v2\/pages\/3176"}],"wp:attachment":[{"href":"https:\/\/hostallacreu.com\/en\/wp-json\/wp\/v2\/media?parent=3177"}],"curies":[{"name":"wp","href":"https:\/\/api.w.org\/{rel}","templated":true}]}}