{"id":3175,"date":"2023-11-28T15:50:32","date_gmt":"2023-11-28T15:50:32","guid":{"rendered":"https:\/\/hostallacreu.com\/?page_id=3175"},"modified":"2023-11-28T15:50:33","modified_gmt":"2023-11-28T15:50:33","slug":"pont-darcades","status":"publish","type":"page","link":"https:\/\/hostallacreu.com\/en\/entorn\/llocs-dinteres\/pont-darcades\/","title":{"rendered":"Pont d&#8217;arcades"},"content":{"rendered":"<p><strong>Quan hom arriba a M\u00f3ra d\u2019Ebre o b\u00e9 l\u2019albira des de la llunyania fixa la seva mirada sobre el pont d\u2019Arcades que la presideix. El pont, destaca per la singular bellesa i forma de les seves arcades.\u00a0<a href=\"https:\/\/hostallacreu.com\/wp-content\/uploads\/2014\/11\/pont-arcades-mora-ebre-turisme-ribera-terres-catalunya-01.jpg\"><img loading=\"lazy\" decoding=\"async\" class=\"alignright size-full wp-image-266\" src=\"https:\/\/hostallacreu.com\/wp-content\/uploads\/2014\/11\/pont-arcades-mora-ebre-turisme-ribera-terres-catalunya-01.jpg\" alt=\"pont arcades mora ebre turisme ribera terres catalunya-01\" width=\"2588\" height=\"877\" srcset=\"https:\/\/hostallacreu.com\/wp-content\/uploads\/2014\/11\/pont-arcades-mora-ebre-turisme-ribera-terres-catalunya-01.jpg 2588w, https:\/\/hostallacreu.com\/wp-content\/uploads\/2014\/11\/pont-arcades-mora-ebre-turisme-ribera-terres-catalunya-01-300x101.jpg 300w, https:\/\/hostallacreu.com\/wp-content\/uploads\/2014\/11\/pont-arcades-mora-ebre-turisme-ribera-terres-catalunya-01-1024x347.jpg 1024w, https:\/\/hostallacreu.com\/wp-content\/uploads\/2014\/11\/pont-arcades-mora-ebre-turisme-ribera-terres-catalunya-01-624x211.jpg 624w\" sizes=\"auto, (max-width: 2588px) 100vw, 2588px\" \/><\/a><\/strong><\/p>\n<p>El pont uneix les dues bandes del riu Ebre, m\u00e9s concretament, el termes municipals de M\u00f3ra d\u2019Ebre i M\u00f3ra la Nova, i s\u2019ha convertit amb els anys en un <strong>s\u00edmbol identitari i inconfusible de la comarca de la Ribera d\u2019Ebre<\/strong>. Per a travessar l\u2019Ebre a l\u2019altura de M\u00f3ra d\u2019Ebre tamb\u00e9 ho podem fer a trav\u00e9s de la carretera N-420 que enlla\u00e7a Gandesa i Alcany\u00eds amb Falset i Reus.<\/p>\n<p>L\u2019estructura de formig\u00f3 armat fou dissenyada per l\u2019enginyer Eduardo Serrano. La seva construcci\u00f3 s\u2019inici\u00e0 el 1940 i fou inaugurada el 7 de setembre de 1943. Abans de l\u2019actual pont d\u2019Arcades hi havia el fam\u00f3s <strong>Pont de Ferro<\/strong> promogut per Joan Caball\u00e9 Goieneche (conegut com el diputat del pont), constru\u00eft per <i>La Maquinista Terrestre i Mar\u00edtima <\/i>i inaugurat el 1918. El Pont de Ferro fou destru\u00eft de la mateixa manera que moltes altres infraestructures de la Ribera d\u2019Ebre durant la Guerra Civil Espanyola. En el cas del Pont de Ferro fou l\u2019ex\u00e8rcit republic\u00e0 en retirada qui l\u2019enderroc\u00e0 el 3 d\u2019abril de 1938.<\/p>\n<p>Per commemorar l\u2019efem\u00e8ride de la construcci\u00f3 d\u2019aquesta in\u00adfraestructura tan representativa de la comarca, l\u2019Arxiu Comarcal de la Ribera d\u2019Ebre (ACRE) ha fet una exposici\u00f3 que pret\u00e9n posar llum sobre el proc\u00e9s de gesta\u00adci\u00f3 del pont i com aquest s\u2019ha convertit en un s\u00edmbol identitari de la comarca. Actualment l\u2019exposici\u00f3 es pot veure a M\u00f3ra la Nova fins el 18 de maig. <a title=\"exposici\u00f3\" href=\"http:\/\/www.ebredigital.cat\/event\/696_exposicio-mora-nova-pont-les-arcades.php\" target=\"_blank\" rel=\"noopener\">M\u00e9s informaci\u00f3<\/a>.<\/p>\n","protected":false},"excerpt":{"rendered":"<p>Quan hom arriba a M\u00f3ra d\u2019Ebre o b\u00e9 l\u2019albira des de la llunyania fixa la seva mirada sobre el pont d\u2019Arcades que la presideix. El pont, destaca per la singular bellesa i forma de les seves arcades.\u00a0 El pont uneix les dues bandes del riu Ebre, m\u00e9s concretament, el termes municipals de M\u00f3ra d\u2019Ebre i [&hellip;]<\/p>\n","protected":false},"author":3,"featured_media":0,"parent":3170,"menu_order":0,"comment_status":"closed","ping_status":"closed","template":"","meta":{"_monsterinsights_skip_tracking":false,"_monsterinsights_sitenote_active":false,"_monsterinsights_sitenote_note":"","_monsterinsights_sitenote_category":0,"footnotes":""},"class_list":["post-3175","page","type-page","status-publish","hentry"],"yoast_head":"<!-- This site is optimized with the Yoast SEO plugin v26.2 - https:\/\/yoast.com\/wordpress\/plugins\/seo\/ -->\n<title>Pont d&#039;arcades - Hostal Gastron\u00f2mic La Creu<\/title>\n<meta name=\"robots\" content=\"index, follow, max-snippet:-1, max-image-preview:large, max-video-preview:-1\" \/>\n<link rel=\"canonical\" href=\"https:\/\/hostallacreu.com\/en\/entorn\/llocs-dinteres\/pont-darcades\/\" \/>\n<meta property=\"og:locale\" content=\"en_US\" \/>\n<meta property=\"og:type\" content=\"article\" \/>\n<meta property=\"og:title\" content=\"Pont d&#039;arcades - Hostal Gastron\u00f2mic La Creu\" \/>\n<meta property=\"og:description\" content=\"Quan hom arriba a M\u00f3ra d\u2019Ebre o b\u00e9 l\u2019albira des de la llunyania fixa la seva mirada sobre el pont d\u2019Arcades que la presideix. El pont, destaca per la singular bellesa i forma de les seves arcades.\u00a0 El pont uneix les dues bandes del riu Ebre, m\u00e9s concretament, el termes municipals de M\u00f3ra d\u2019Ebre i [&hellip;]\" \/>\n<meta property=\"og:url\" content=\"https:\/\/hostallacreu.com\/en\/entorn\/llocs-dinteres\/pont-darcades\/\" \/>\n<meta property=\"og:site_name\" content=\"Hostal Gastron\u00f2mic La Creu\" \/>\n<meta property=\"article:modified_time\" content=\"2023-11-28T15:50:33+00:00\" \/>\n<meta property=\"og:image\" content=\"http:\/\/hostallacreu.com\/wp-content\/uploads\/2014\/11\/pont-arcades-mora-ebre-turisme-ribera-terres-catalunya-01.jpg\" \/>\n<meta name=\"twitter:label1\" content=\"Est. reading time\" \/>\n\t<meta name=\"twitter:data1\" content=\"2 minutes\" \/>\n<script type=\"application\/ld+json\" class=\"yoast-schema-graph\">{\"@context\":\"https:\/\/schema.org\",\"@graph\":[{\"@type\":\"WebPage\",\"@id\":\"https:\/\/hostallacreu.com\/en\/entorn\/llocs-dinteres\/pont-darcades\/\",\"url\":\"https:\/\/hostallacreu.com\/en\/entorn\/llocs-dinteres\/pont-darcades\/\",\"name\":\"Pont d'arcades - Hostal Gastron\u00f2mic La Creu\",\"isPartOf\":{\"@id\":\"https:\/\/hostallacreu.com\/#website\"},\"primaryImageOfPage\":{\"@id\":\"https:\/\/hostallacreu.com\/en\/entorn\/llocs-dinteres\/pont-darcades\/#primaryimage\"},\"image\":{\"@id\":\"https:\/\/hostallacreu.com\/en\/entorn\/llocs-dinteres\/pont-darcades\/#primaryimage\"},\"thumbnailUrl\":\"http:\/\/hostallacreu.com\/wp-content\/uploads\/2014\/11\/pont-arcades-mora-ebre-turisme-ribera-terres-catalunya-01.jpg\",\"datePublished\":\"2023-11-28T15:50:32+00:00\",\"dateModified\":\"2023-11-28T15:50:33+00:00\",\"breadcrumb\":{\"@id\":\"https:\/\/hostallacreu.com\/en\/entorn\/llocs-dinteres\/pont-darcades\/#breadcrumb\"},\"inLanguage\":\"en-US\",\"potentialAction\":[{\"@type\":\"ReadAction\",\"target\":[\"https:\/\/hostallacreu.com\/en\/entorn\/llocs-dinteres\/pont-darcades\/\"]}]},{\"@type\":\"ImageObject\",\"inLanguage\":\"en-US\",\"@id\":\"https:\/\/hostallacreu.com\/en\/entorn\/llocs-dinteres\/pont-darcades\/#primaryimage\",\"url\":\"http:\/\/hostallacreu.com\/wp-content\/uploads\/2014\/11\/pont-arcades-mora-ebre-turisme-ribera-terres-catalunya-01.jpg\",\"contentUrl\":\"http:\/\/hostallacreu.com\/wp-content\/uploads\/2014\/11\/pont-arcades-mora-ebre-turisme-ribera-terres-catalunya-01.jpg\"},{\"@type\":\"BreadcrumbList\",\"@id\":\"https:\/\/hostallacreu.com\/en\/entorn\/llocs-dinteres\/pont-darcades\/#breadcrumb\",\"itemListElement\":[{\"@type\":\"ListItem\",\"position\":1,\"name\":\"Home\",\"item\":\"https:\/\/hostallacreu.com\/en\/\"},{\"@type\":\"ListItem\",\"position\":2,\"name\":\"Entorn\",\"item\":\"https:\/\/hostallacreu.com\/en\/entorn\/\"},{\"@type\":\"ListItem\",\"position\":3,\"name\":\"Llocs d&#8217;inter\u00e8s\",\"item\":\"https:\/\/hostallacreu.com\/en\/entorn\/llocs-dinteres\/\"},{\"@type\":\"ListItem\",\"position\":4,\"name\":\"Pont d&#8217;arcades\"}]},{\"@type\":\"WebSite\",\"@id\":\"https:\/\/hostallacreu.com\/#website\",\"url\":\"https:\/\/hostallacreu.com\/\",\"name\":\"Hostal Gastron\u00f2mic La Creu\",\"description\":\"El teu allotjament i restaurant a la Ribera d&#039;Ebre\",\"potentialAction\":[{\"@type\":\"SearchAction\",\"target\":{\"@type\":\"EntryPoint\",\"urlTemplate\":\"https:\/\/hostallacreu.com\/?s={search_term_string}\"},\"query-input\":{\"@type\":\"PropertyValueSpecification\",\"valueRequired\":true,\"valueName\":\"search_term_string\"}}],\"inLanguage\":\"en-US\"}]}<\/script>\n<!-- \/ Yoast SEO plugin. -->","yoast_head_json":{"title":"Pont d'arcades - Hostal Gastron\u00f2mic La Creu","robots":{"index":"index","follow":"follow","max-snippet":"max-snippet:-1","max-image-preview":"max-image-preview:large","max-video-preview":"max-video-preview:-1"},"canonical":"https:\/\/hostallacreu.com\/en\/entorn\/llocs-dinteres\/pont-darcades\/","og_locale":"en_US","og_type":"article","og_title":"Pont d'arcades - Hostal Gastron\u00f2mic La Creu","og_description":"Quan hom arriba a M\u00f3ra d\u2019Ebre o b\u00e9 l\u2019albira des de la llunyania fixa la seva mirada sobre el pont d\u2019Arcades que la presideix. El pont, destaca per la singular bellesa i forma de les seves arcades.\u00a0 El pont uneix les dues bandes del riu Ebre, m\u00e9s concretament, el termes municipals de M\u00f3ra d\u2019Ebre i [&hellip;]","og_url":"https:\/\/hostallacreu.com\/en\/entorn\/llocs-dinteres\/pont-darcades\/","og_site_name":"Hostal Gastron\u00f2mic La Creu","article_modified_time":"2023-11-28T15:50:33+00:00","og_image":[{"url":"http:\/\/hostallacreu.com\/wp-content\/uploads\/2014\/11\/pont-arcades-mora-ebre-turisme-ribera-terres-catalunya-01.jpg","type":"","width":"","height":""}],"twitter_misc":{"Est. reading time":"2 minutes"},"schema":{"@context":"https:\/\/schema.org","@graph":[{"@type":"WebPage","@id":"https:\/\/hostallacreu.com\/en\/entorn\/llocs-dinteres\/pont-darcades\/","url":"https:\/\/hostallacreu.com\/en\/entorn\/llocs-dinteres\/pont-darcades\/","name":"Pont d'arcades - Hostal Gastron\u00f2mic La Creu","isPartOf":{"@id":"https:\/\/hostallacreu.com\/#website"},"primaryImageOfPage":{"@id":"https:\/\/hostallacreu.com\/en\/entorn\/llocs-dinteres\/pont-darcades\/#primaryimage"},"image":{"@id":"https:\/\/hostallacreu.com\/en\/entorn\/llocs-dinteres\/pont-darcades\/#primaryimage"},"thumbnailUrl":"http:\/\/hostallacreu.com\/wp-content\/uploads\/2014\/11\/pont-arcades-mora-ebre-turisme-ribera-terres-catalunya-01.jpg","datePublished":"2023-11-28T15:50:32+00:00","dateModified":"2023-11-28T15:50:33+00:00","breadcrumb":{"@id":"https:\/\/hostallacreu.com\/en\/entorn\/llocs-dinteres\/pont-darcades\/#breadcrumb"},"inLanguage":"en-US","potentialAction":[{"@type":"ReadAction","target":["https:\/\/hostallacreu.com\/en\/entorn\/llocs-dinteres\/pont-darcades\/"]}]},{"@type":"ImageObject","inLanguage":"en-US","@id":"https:\/\/hostallacreu.com\/en\/entorn\/llocs-dinteres\/pont-darcades\/#primaryimage","url":"http:\/\/hostallacreu.com\/wp-content\/uploads\/2014\/11\/pont-arcades-mora-ebre-turisme-ribera-terres-catalunya-01.jpg","contentUrl":"http:\/\/hostallacreu.com\/wp-content\/uploads\/2014\/11\/pont-arcades-mora-ebre-turisme-ribera-terres-catalunya-01.jpg"},{"@type":"BreadcrumbList","@id":"https:\/\/hostallacreu.com\/en\/entorn\/llocs-dinteres\/pont-darcades\/#breadcrumb","itemListElement":[{"@type":"ListItem","position":1,"name":"Home","item":"https:\/\/hostallacreu.com\/en\/"},{"@type":"ListItem","position":2,"name":"Entorn","item":"https:\/\/hostallacreu.com\/en\/entorn\/"},{"@type":"ListItem","position":3,"name":"Llocs d&#8217;inter\u00e8s","item":"https:\/\/hostallacreu.com\/en\/entorn\/llocs-dinteres\/"},{"@type":"ListItem","position":4,"name":"Pont d&#8217;arcades"}]},{"@type":"WebSite","@id":"https:\/\/hostallacreu.com\/#website","url":"https:\/\/hostallacreu.com\/","name":"Hostal Gastron\u00f2mic La Creu","description":"El teu allotjament i restaurant a la Ribera d&#039;Ebre","potentialAction":[{"@type":"SearchAction","target":{"@type":"EntryPoint","urlTemplate":"https:\/\/hostallacreu.com\/?s={search_term_string}"},"query-input":{"@type":"PropertyValueSpecification","valueRequired":true,"valueName":"search_term_string"}}],"inLanguage":"en-US"}]}},"_links":{"self":[{"href":"https:\/\/hostallacreu.com\/en\/wp-json\/wp\/v2\/pages\/3175","targetHints":{"allow":["GET"]}}],"collection":[{"href":"https:\/\/hostallacreu.com\/en\/wp-json\/wp\/v2\/pages"}],"about":[{"href":"https:\/\/hostallacreu.com\/en\/wp-json\/wp\/v2\/types\/page"}],"author":[{"embeddable":true,"href":"https:\/\/hostallacreu.com\/en\/wp-json\/wp\/v2\/users\/3"}],"replies":[{"embeddable":true,"href":"https:\/\/hostallacreu.com\/en\/wp-json\/wp\/v2\/comments?post=3175"}],"version-history":[{"count":1,"href":"https:\/\/hostallacreu.com\/en\/wp-json\/wp\/v2\/pages\/3175\/revisions"}],"predecessor-version":[{"id":3180,"href":"https:\/\/hostallacreu.com\/en\/wp-json\/wp\/v2\/pages\/3175\/revisions\/3180"}],"up":[{"embeddable":true,"href":"https:\/\/hostallacreu.com\/en\/wp-json\/wp\/v2\/pages\/3170"}],"wp:attachment":[{"href":"https:\/\/hostallacreu.com\/en\/wp-json\/wp\/v2\/media?parent=3175"}],"curies":[{"name":"wp","href":"https:\/\/api.w.org\/{rel}","templated":true}]}}